{"id":209,"date":"2022-10-26T14:19:55","date_gmt":"2022-10-26T12:19:55","guid":{"rendered":"https:\/\/e-publish.uliege.be\/anatomie\/?post_type=part&#038;p=209"},"modified":"2025-12-07T17:17:03","modified_gmt":"2025-12-07T16:17:03","slug":"chapitre-7-systeme-respiratoire","status":"publish","type":"part","link":"https:\/\/e-publish.uliege.be\/anatomie\/part\/chapitre-7-systeme-respiratoire\/","title":{"raw":"Chapitre 7. Syst\u00e8me respiratoire","rendered":"Chapitre 7. Syst\u00e8me respiratoire"},"content":{"raw":"<div class=\"__UNKNOWN__\">\r\n<h1>Objectifs<\/h1>\r\n<p class=\"import-Normal\">Au terme du chapitre 7, le lecteur pourra :<\/p>\r\n\r\n<ol>\r\n \t<li class=\"import-Paragraphedeliste\" style=\"text-align: justify;\">Conna\u00eetre les diff\u00e9rentes \u00e9tapes du processus respiratoire.<\/li>\r\n \t<li class=\"import-Paragraphedeliste\" style=\"text-align: justify;\">Comprendre l\u2019origine du tractus respiratoire, la formation du diaphragme et le cloisonnement de la cavit\u00e9 c\u0153lomique.<\/li>\r\n \t<li class=\"import-Paragraphedeliste\" style=\"text-align: justify;\">Conna\u00eetre et d\u00e9crire les voies respiratoires sup\u00e9rieures et la relation morphologie fonction : transformation de l\u2019air respir\u00e9, olfaction, contr\u00f4le du carrefour a\u00e9ro-digestif, phonation.<\/li>\r\n \t<li class=\"import-Paragraphedeliste\" style=\"text-align: justify;\">Conna\u00eetre et d\u00e9crire l\u2019organe d\u2019\u00e9change (poumons), sa constitution anatomique, ses divisions et ses enveloppes pleurales.<\/li>\r\n \t<li class=\"import-Paragraphedeliste\" style=\"text-align: justify;\">D\u00e9crire la cavit\u00e9 pleurale.<\/li>\r\n \t<li class=\"import-Paragraphedeliste\" style=\"text-align: justify;\">Comprendre et expliquer les bases anatomiques de la m\u00e9canique ventilatoire\u00a0: morphologie du thorax, origine de la d\u00e9pression pleurale, couple thoraco-pulmonaire, action des muscles.<\/li>\r\n<\/ol>\r\n<h1 class=\"import-Normal\" style=\"text-align: justify;\">Introduction<\/h1>\r\n<p class=\"import-Normal\" style=\"text-align: justify;\">Les processus d\u2019apport et d\u2019utilisation de l\u2019oxyg\u00e8ne de l\u2019air ambiant au sein des diff\u00e9rentes cellules de l\u2019organisme se divisent en quatre \u00e9tapes :<\/p>\r\n\r\n<ol>\r\n \t<li class=\"import-Paragraphedeliste\" style=\"text-align: justify;\">la ventilation pulmonaire ;<\/li>\r\n \t<li class=\"import-Paragraphedeliste\" style=\"text-align: justify;\">la respiration externe ;<\/li>\r\n \t<li class=\"import-Paragraphedeliste\" style=\"text-align: justify;\">le transport des gaz respiratoires ;<\/li>\r\n \t<li class=\"import-Paragraphedeliste\" style=\"text-align: justify;\">la respiration interne.<\/li>\r\n<\/ol>\r\n<p class=\"import-Normal\" style=\"text-align: justify;\"><strong>La ventilation pulmonaire<\/strong> correspond \u00e0 la convexion de l\u2019air externe jusqu\u2019aux alv\u00e9oles pulmonaires, structures microscopiques o\u00f9 se d\u00e9roule <strong>la respiration externe<\/strong> ou \u00e9change transalv\u00e9olaire de gaz entre l\u2019air et le sang (h\u00e9matose). Ensuite, <strong>le transport des gaz respiratoires<\/strong> d\u00e9pend principalement de l\u2019h\u00e9moglobine \u00e9rythrocytaire (contenue au sein des globules rouges) qui transporte la majorit\u00e9 de l\u2019oxyg\u00e8ne sanguin (en plus de l\u2019oxyg\u00e8ne dissout) pour terminer par <strong>la respiration interne<\/strong> qui correspond aux m\u00e9canismes de diffusion interne des gaz dans le milieu interstitiel et \u00e0 leur utilisation intracellulaire (figure 7-1).<\/p>\r\n\r\n<table>\r\n<tbody>\r\n<tr class=\"-R\">\r\n<td class=\"-C\" style=\"background-color: transparent; border: 0pt solid #ff0000;\" colspan=\"2\">\r\n<p class=\"import-Normal\" style=\"text-align: center;\"><em lang=\"fr-FR\" xml:lang=\"fr-FR\"><img class=\"aligncenter\" src=\"https:\/\/e-publish.uliege.be\/anatomie\/wp-content\/uploads\/sites\/14\/2023\/03\/image1-15.jpg\" alt=\"image\" width=\"1097\" height=\"593\" \/><\/em><\/p>\r\n<\/td>\r\n<\/tr>\r\n<tr class=\"-R\">\r\n<td class=\"-C\" style=\"background-color: transparent; border: 0pt solid #ff0000; width: 16%;\">\r\n<p class=\"import-Normal\" style=\"text-align: justify;\"><span style=\"color: #996633;\">Figure 7-1<\/span><\/p>\r\n<\/td>\r\n<td class=\"-C\" style=\"background-color: transparent; border: 0pt solid #ff0000; width: 84%;\">\r\n<p class=\"import-Normal\" style=\"text-align: justify;\"><span style=\"color: #996633;\">\u00a0<strong>Etapes de l\u2019apport en O2 aux cellules<\/strong><\/span><\/p>\r\n<\/td>\r\n<\/tr>\r\n<tr class=\"-R\">\r\n<td class=\"-C\" style=\"background-color: transparent; border: 0pt solid #ff0000;\" colspan=\"2\">\r\n<p class=\"import-Normal\" style=\"text-align: justify;\"><span style=\"color: #996633;\"><strong>A<\/strong> : La ventilation pulmonaire renouvelle l\u2019air alv\u00e9olaire quinze fois minute.<\/span><\/p>\r\n<p class=\"import-Normal\" style=\"text-align: justify;\"><span style=\"color: #996633;\"><strong>B<\/strong> : Respiration externe : les gaz alv\u00e9olaires s\u2019\u00e9quilibrent avec ceux du sang et l\u2019h\u00e9moglobine se charge en O2 (h\u00e9matose).<\/span><\/p>\r\n<p class=\"import-Normal\" style=\"text-align: justify;\"><span style=\"color: #996633;\"><strong>C<\/strong> : Apr\u00e8s transport sanguin, l\u2019O2 diffuse dans le milieu interstitiel vers les cellules o\u00f9 il participe \u00e0 la respiration cellulaire.<\/span><\/p>\r\n<\/td>\r\n<\/tr>\r\n<\/tbody>\r\n<\/table>\r\n<p class=\"import-Normal\" style=\"text-align: justify;\">La respiration consid\u00e9r\u00e9e ainsi globalement implique les syst\u00e8me cardio-vasculaire (petite circulation) et locomoteur (structures osseuses de la cage thoracique, muscles respiratoires) en plus des \u00e9l\u00e9ments \u00e9tudi\u00e9s dans ce chapitre : les voies de conduction a\u00e9riennes, l\u2019organe d\u2019\u00e9change et les bases anatomiques de la m\u00e9canique ventilatoire.<\/p>\r\n<p class=\"import-Normal\">Le chapitre 7 est divis\u00e9 en quatre sections :<\/p>\r\n\r\n<ol>\r\n \t<li class=\"import-Paragraphedeliste\">Origine de l\u2019appareil respiratoire ;<\/li>\r\n \t<li class=\"import-Paragraphedeliste\">Les zones de conduction respiratoire ;<\/li>\r\n \t<li class=\"import-Paragraphedeliste\">La zone respiratoire ;<\/li>\r\n \t<li class=\"import-Paragraphedeliste\">La m\u00e9canique ventilatoire.<\/li>\r\n<\/ol>\r\n<\/div>","rendered":"<div class=\"__UNKNOWN__\">\n<h1>Objectifs<\/h1>\n<p class=\"import-Normal\">Au terme du chapitre 7, le lecteur pourra :<\/p>\n<ol>\n<li class=\"import-Paragraphedeliste\" style=\"text-align: justify;\">Conna\u00eetre les diff\u00e9rentes \u00e9tapes du processus respiratoire.<\/li>\n<li class=\"import-Paragraphedeliste\" style=\"text-align: justify;\">Comprendre l\u2019origine du tractus respiratoire, la formation du diaphragme et le cloisonnement de la cavit\u00e9 c\u0153lomique.<\/li>\n<li class=\"import-Paragraphedeliste\" style=\"text-align: justify;\">Conna\u00eetre et d\u00e9crire les voies respiratoires sup\u00e9rieures et la relation morphologie fonction : transformation de l\u2019air respir\u00e9, olfaction, contr\u00f4le du carrefour a\u00e9ro-digestif, phonation.<\/li>\n<li class=\"import-Paragraphedeliste\" style=\"text-align: justify;\">Conna\u00eetre et d\u00e9crire l\u2019organe d\u2019\u00e9change (poumons), sa constitution anatomique, ses divisions et ses enveloppes pleurales.<\/li>\n<li class=\"import-Paragraphedeliste\" style=\"text-align: justify;\">D\u00e9crire la cavit\u00e9 pleurale.<\/li>\n<li class=\"import-Paragraphedeliste\" style=\"text-align: justify;\">Comprendre et expliquer les bases anatomiques de la m\u00e9canique ventilatoire\u00a0: morphologie du thorax, origine de la d\u00e9pression pleurale, couple thoraco-pulmonaire, action des muscles.<\/li>\n<\/ol>\n<h1 class=\"import-Normal\" style=\"text-align: justify;\">Introduction<\/h1>\n<p class=\"import-Normal\" style=\"text-align: justify;\">Les processus d\u2019apport et d\u2019utilisation de l\u2019oxyg\u00e8ne de l\u2019air ambiant au sein des diff\u00e9rentes cellules de l\u2019organisme se divisent en quatre \u00e9tapes :<\/p>\n<ol>\n<li class=\"import-Paragraphedeliste\" style=\"text-align: justify;\">la ventilation pulmonaire ;<\/li>\n<li class=\"import-Paragraphedeliste\" style=\"text-align: justify;\">la respiration externe ;<\/li>\n<li class=\"import-Paragraphedeliste\" style=\"text-align: justify;\">le transport des gaz respiratoires ;<\/li>\n<li class=\"import-Paragraphedeliste\" style=\"text-align: justify;\">la respiration interne.<\/li>\n<\/ol>\n<p class=\"import-Normal\" style=\"text-align: justify;\"><strong>La ventilation pulmonaire<\/strong> correspond \u00e0 la convexion de l\u2019air externe jusqu\u2019aux alv\u00e9oles pulmonaires, structures microscopiques o\u00f9 se d\u00e9roule <strong>la respiration externe<\/strong> ou \u00e9change transalv\u00e9olaire de gaz entre l\u2019air et le sang (h\u00e9matose). Ensuite, <strong>le transport des gaz respiratoires<\/strong> d\u00e9pend principalement de l\u2019h\u00e9moglobine \u00e9rythrocytaire (contenue au sein des globules rouges) qui transporte la majorit\u00e9 de l\u2019oxyg\u00e8ne sanguin (en plus de l\u2019oxyg\u00e8ne dissout) pour terminer par <strong>la respiration interne<\/strong> qui correspond aux m\u00e9canismes de diffusion interne des gaz dans le milieu interstitiel et \u00e0 leur utilisation intracellulaire (figure 7-1).<\/p>\n<table>\n<tbody>\n<tr class=\"-R\">\n<td class=\"-C\" style=\"background-color: transparent; border: 0pt solid #ff0000;\" colspan=\"2\">\n<p class=\"import-Normal\" style=\"text-align: center;\"><em lang=\"fr-FR\" xml:lang=\"fr-FR\"><img loading=\"lazy\" decoding=\"async\" class=\"aligncenter\" src=\"https:\/\/e-publish.uliege.be\/anatomie\/wp-content\/uploads\/sites\/14\/2023\/03\/image1-15.jpg\" alt=\"image\" width=\"1097\" height=\"593\" \/><\/em><\/p>\n<\/td>\n<\/tr>\n<tr class=\"-R\">\n<td class=\"-C\" style=\"background-color: transparent; border: 0pt solid #ff0000; width: 16%;\">\n<p class=\"import-Normal\" style=\"text-align: justify;\"><span style=\"color: #996633;\">Figure 7-1<\/span><\/p>\n<\/td>\n<td class=\"-C\" style=\"background-color: transparent; border: 0pt solid #ff0000; width: 84%;\">\n<p class=\"import-Normal\" style=\"text-align: justify;\"><span style=\"color: #996633;\">\u00a0<strong>Etapes de l\u2019apport en O2 aux cellules<\/strong><\/span><\/p>\n<\/td>\n<\/tr>\n<tr class=\"-R\">\n<td class=\"-C\" style=\"background-color: transparent; border: 0pt solid #ff0000;\" colspan=\"2\">\n<p class=\"import-Normal\" style=\"text-align: justify;\"><span style=\"color: #996633;\"><strong>A<\/strong> : La ventilation pulmonaire renouvelle l\u2019air alv\u00e9olaire quinze fois minute.<\/span><\/p>\n<p class=\"import-Normal\" style=\"text-align: justify;\"><span style=\"color: #996633;\"><strong>B<\/strong> : Respiration externe : les gaz alv\u00e9olaires s\u2019\u00e9quilibrent avec ceux du sang et l\u2019h\u00e9moglobine se charge en O2 (h\u00e9matose).<\/span><\/p>\n<p class=\"import-Normal\" style=\"text-align: justify;\"><span style=\"color: #996633;\"><strong>C<\/strong> : Apr\u00e8s transport sanguin, l\u2019O2 diffuse dans le milieu interstitiel vers les cellules o\u00f9 il participe \u00e0 la respiration cellulaire.<\/span><\/p>\n<\/td>\n<\/tr>\n<\/tbody>\n<\/table>\n<p class=\"import-Normal\" style=\"text-align: justify;\">La respiration consid\u00e9r\u00e9e ainsi globalement implique les syst\u00e8me cardio-vasculaire (petite circulation) et locomoteur (structures osseuses de la cage thoracique, muscles respiratoires) en plus des \u00e9l\u00e9ments \u00e9tudi\u00e9s dans ce chapitre : les voies de conduction a\u00e9riennes, l\u2019organe d\u2019\u00e9change et les bases anatomiques de la m\u00e9canique ventilatoire.<\/p>\n<p class=\"import-Normal\">Le chapitre 7 est divis\u00e9 en quatre sections :<\/p>\n<ol>\n<li class=\"import-Paragraphedeliste\">Origine de l\u2019appareil respiratoire ;<\/li>\n<li class=\"import-Paragraphedeliste\">Les zones de conduction respiratoire ;<\/li>\n<li class=\"import-Paragraphedeliste\">La zone respiratoire ;<\/li>\n<li class=\"import-Paragraphedeliste\">La m\u00e9canique ventilatoire.<\/li>\n<\/ol>\n<\/div>\n","protected":false},"parent":0,"menu_order":8,"template":"","meta":{"pb_part_invisible":false,"pb_part_invisible_string":""},"contributor":[],"license":[],"class_list":["post-209","part","type-part","status-publish","hentry"],"_links":{"self":[{"href":"https:\/\/e-publish.uliege.be\/anatomie\/wp-json\/pressbooks\/v2\/parts\/209"}],"collection":[{"href":"https:\/\/e-publish.uliege.be\/anatomie\/wp-json\/pressbooks\/v2\/parts"}],"about":[{"href":"https:\/\/e-publish.uliege.be\/anatomie\/wp-json\/wp\/v2\/types\/part"}],"version-history":[{"count":20,"href":"https:\/\/e-publish.uliege.be\/anatomie\/wp-json\/pressbooks\/v2\/parts\/209\/revisions"}],"predecessor-version":[{"id":3353,"href":"https:\/\/e-publish.uliege.be\/anatomie\/wp-json\/pressbooks\/v2\/parts\/209\/revisions\/3353"}],"wp:attachment":[{"href":"https:\/\/e-publish.uliege.be\/anatomie\/wp-json\/wp\/v2\/media?parent=209"}],"wp:term":[{"taxonomy":"contributor","embeddable":true,"href":"https:\/\/e-publish.uliege.be\/anatomie\/wp-json\/wp\/v2\/contributor?post=209"},{"taxonomy":"license","embeddable":true,"href":"https:\/\/e-publish.uliege.be\/anatomie\/wp-json\/wp\/v2\/license?post=209"}],"curies":[{"name":"wp","href":"https:\/\/api.w.org\/{rel}","templated":true}]}}