{"id":219,"date":"2022-10-26T14:22:10","date_gmt":"2022-10-26T12:22:10","guid":{"rendered":"https:\/\/e-publish.uliege.be\/anatomie\/?post_type=part&#038;p=219"},"modified":"2025-12-08T17:46:01","modified_gmt":"2025-12-08T16:46:01","slug":"chapitre-8-systeme-nerveux-objectifs","status":"publish","type":"part","link":"https:\/\/e-publish.uliege.be\/anatomie\/part\/chapitre-8-systeme-nerveux-objectifs\/","title":{"raw":"Chapitre 8.  Syst\u00e8me nerveux","rendered":"Chapitre 8.  Syst\u00e8me nerveux"},"content":{"raw":"<h1>Objectifs<\/h1>\r\n<p class=\"import-Normal\">Au terme du chapitre 8, le lecteur pourra\u00a0:<\/p>\r\n\r\n<ol>\r\n \t<li style=\"text-align: justify;\">Conna\u00eetre les constituants cellulaires du syst\u00e8me nerveux.<\/li>\r\n \t<li style=\"text-align: justify;\">Diff\u00e9rencier constitutivement et topographiquement les portions centrales et p\u00e9riph\u00e9riques du syst\u00e8me nerveux.<\/li>\r\n \t<li style=\"text-align: justify;\">Comprendre l\u2019origine du syst\u00e8me nerveux et en d\u00e9duire sa morphologie.<\/li>\r\n \t<li style=\"text-align: justify;\">D\u00e9crire l\u2019enc\u00e9phale et la moelle \u00e9pini\u00e8re en termes de morphologie, d\u2019irrigation, d\u2019enveloppes et de fonction.<\/li>\r\n \t<li style=\"text-align: justify;\">D\u00e9crire le syst\u00e8me nerveux p\u00e9riph\u00e9rique.<\/li>\r\n \t<li style=\"text-align: justify;\">Comprendre l\u2019organisation et les fonctions des syst\u00e8mes nerveux autonomes.<\/li>\r\n \t<li style=\"text-align: justify;\">Comprendre et d\u00e9crire les principales voies aff\u00e9rentes et eff\u00e9rentes.<\/li>\r\n \t<li style=\"text-align: justify;\">D\u00e9crire succinctement les nerfs cr\u00e2niens et les voies sensorielles.<\/li>\r\n<\/ol>\r\n<h1>Introduction<\/h1>\r\n<p class=\"import-Corpsdetexte\" style=\"text-align: justify;\">Le syst\u00e8me nerveux (SN) permet une r\u00e9gulation rapide des activit\u00e9s de l\u2019homme et de ses communications avec le monde ext\u00e9rieur. Cette r\u00e9gulation est bas\u00e9e sur :<\/p>\r\n\r\n<ol>\r\n \t<li style=\"text-align: justify;\">la captation d\u2019informations externes (toucher, vision...) ou internes (pression art\u00e9rielle, composition des gaz sanguins\u2026) \u00e0 l\u2019organisme et leur transmission (potentiel d\u2019action de cellules connect\u00e9es) ;<\/li>\r\n \t<li style=\"text-align: justify;\">le traitement au niveau central de ces informations\u00a0;<\/li>\r\n \t<li style=\"text-align: justify;\">une r\u00e9ponse adapt\u00e9e et transmise en un temps court (mesur\u00e9 en milli-secondes).<\/li>\r\n<\/ol>\r\n<p class=\"import-Corpsdetexte\" style=\"text-align: justify;\">Ceci permet le maintien rapide, inconscient ou volontaire conscient, de l\u2019\u00e9quilibre dynamique du milieu interne (hom\u00e9ostasie) et une adaptation aux contingences externes. \u00c0 l\u2019oppos\u00e9, la part du contr\u00f4le hom\u00e9ostasique r\u00e9alis\u00e9 par le syst\u00e8me endocrinien est de nature plus lente et toujours involontaire (voir chapitre 11).<\/p>\r\n<p class=\"import-Corpsdetexte\" style=\"text-align: justify;\">La captation des informations se fait \u00e0 partir de r\u00e9cepteurs p\u00e9riph\u00e9riques qui constituent des <strong>aff\u00e9rences<\/strong>\u00a0(<em>ad<\/em>- vers en latin)\u00a0:<\/p>\r\n\r\n<ul>\r\n \t<li style=\"text-align: justify;\">sensibles (toucher, pression, tension musculaire ou tendineuse, tension des enveloppes des organes, temp\u00e9rature, douleur, composition chimique\u2026) ;<\/li>\r\n \t<li style=\"text-align: justify;\">sensorielles (odorat, vue, audition, go\u00fbt, ou\u00efe).<\/li>\r\n<\/ul>\r\n<p class=\"import-Corpsdetexte\" style=\"text-align: justify;\">Ces informations sont trait\u00e9es au niveau des centres nerveux d\u2019o\u00f9 partent des r\u00e9ponses \u00e0 caract\u00e8re moteur (muscles stri\u00e9s ou lisses) ou s\u00e9cr\u00e9toire qui constituent les <strong>eff\u00e9rences<\/strong> (<em>e(x)-<\/em>de, en latin) (figure 8-1).<\/p>\r\n\r\n<table>\r\n<tbody>\r\n<tr class=\"-R\">\r\n<td class=\"-C\" style=\"background-color: transparent;\" colspan=\"2\">\r\n<p class=\"import-Normal\" style=\"text-align: center;\"><img class=\"aligncenter\" src=\"https:\/\/e-publish.uliege.be\/anatomie\/wp-content\/uploads\/sites\/14\/2023\/11\/image1.jpg\" alt=\"image\" \/><\/p>\r\n<\/td>\r\n<\/tr>\r\n<tr class=\"-R\">\r\n<td class=\"-C\" style=\"background-color: transparent; width: 16%;\">\r\n<p class=\"import-Normal\" style=\"text-align: justify;\"><span style=\"color: #996633;\">Figure 8-1<\/span><\/p>\r\n<\/td>\r\n<td class=\"-C\" style=\"background-color: transparent; width: 84%;\">\r\n<p class=\"import-Normal\" style=\"text-align: justify;\"><span style=\"color: #996633;\"><strong>Aff\u00e9rences \/ Eff\u00e9rences.<\/strong><\/span><\/p>\r\n<\/td>\r\n<\/tr>\r\n<tr class=\"-R\">\r\n<td class=\"-C\" style=\"background-color: transparent;\" colspan=\"2\">\r\n<p class=\"import-Normal\" style=\"text-align: justify;\"><span style=\"color: #996633;\">Les nerfs et le syst\u00e8me nerveux central sont repr\u00e9sent\u00e9s en jaune<strong>.<\/strong><\/span><\/p>\r\n<p class=\"import-Normal\" style=\"text-align: justify;\"><span style=\"color: #996633;\"><strong>A<\/strong>\u00a0: Aff\u00e9rences\u00a0: la fl\u00e8che bleue (exemple ici de sensibilit\u00e9 cutan\u00e9e) repr\u00e9sente le chemin global de l\u2019information.<\/span><\/p>\r\n<p class=\"import-Normal\" style=\"text-align: justify;\"><span style=\"color: #996633;\"><strong>B<\/strong>\u00a0: Eff\u00e9rences\u00a0: la fl\u00e8che rouge\u00a0 indique le chemin de la commande motrice volontaire (contraction du grand pectoral) et la fl\u00e8che verte celui des eff\u00e9rences autonomes\u00a0: commande des s\u00e9cr\u00e9tions\u00a0\/ motilit\u00e9 gastrique.<\/span><\/p>\r\n<\/td>\r\n<\/tr>\r\n<\/tbody>\r\n<\/table>\r\n<p class=\"import-Corpsdetexte\" style=\"text-align: justify;\">Gr\u00e2ce \u00e0 ces boucles de contr\u00f4le et des adaptations complexes, l\u2019individu peut volontairement se d\u00e9placer, ressentir son environnement, parler, en bref interagir volontairement (r\u00e9gulation somatique consciente et volontaire), tandis que son organisme adapte son fonctionnement de fa\u00e7on automatique et non consciente (r\u00e9gulation autonome), en fonction des contraintes externes ainsi que de l\u2019\u00e9volution de son milieu interne (contr\u00f4le de la temp\u00e9rature, du d\u00e9bit cardiaque, de la respiration, de la pression art\u00e9rielle, de la digestion\u2026).<\/p>\r\n<p class=\"import-Corpsdetexte\" style=\"text-align: justify;\">L\u2019anatomie du syst\u00e8me nerveux s\u2019aborde par deux voies compl\u00e9mentaires\u00a0:<\/p>\r\n\r\n<ul>\r\n \t<li style=\"text-align: justify;\">l\u2019approche topographique \u00e9tudie la structure de ce syst\u00e8me en fonction de sa localisation interne ou externe au syst\u00e8me cavitaire post\u00e9rieur (voir chapitre 4, figures 4-9,4-10 et 4-11)\u00a0;<\/li>\r\n \t<li style=\"text-align: justify;\">l\u2019approche fonctionnelle \u00e9tudie les voies aff\u00e9rentes et eff\u00e9rentes ainsi que les centres int\u00e9gratifs au travers des rep\u00e8res topographiques d\u00e9crits dans la premi\u00e8re approche.<\/li>\r\n<\/ul>\r\n<p class=\"import-Corpsdetexte\" style=\"text-align: justify;\">Le chapitre 8 est ainsi divis\u00e9 en cinq sections\u00a0:<\/p>\r\n\r\n<ol>\r\n \t<li style=\"text-align: justify;\">Les constituants cellulaires du syst\u00e8me nerveux (SN), aper\u00e7u de leurs propri\u00e9t\u00e9s et grandes divisions du SN (central SNC et p\u00e9riph\u00e9rique SNP).<\/li>\r\n \t<li style=\"text-align: justify;\">L\u2019origine du SN.<\/li>\r\n \t<li style=\"text-align: justify;\">Description du SNC.<\/li>\r\n \t<li style=\"text-align: justify;\">Description du SNP.<\/li>\r\n \t<li style=\"text-align: justify;\">Approche fonctionnelle du SN : voies motrices et sensitives, syst\u00e8me nerveux autonome (SNA).<\/li>\r\n \t<li style=\"text-align: justify;\">Les organes des sens.<\/li>\r\n<\/ol>","rendered":"<h1>Objectifs<\/h1>\n<p class=\"import-Normal\">Au terme du chapitre 8, le lecteur pourra\u00a0:<\/p>\n<ol>\n<li style=\"text-align: justify;\">Conna\u00eetre les constituants cellulaires du syst\u00e8me nerveux.<\/li>\n<li style=\"text-align: justify;\">Diff\u00e9rencier constitutivement et topographiquement les portions centrales et p\u00e9riph\u00e9riques du syst\u00e8me nerveux.<\/li>\n<li style=\"text-align: justify;\">Comprendre l\u2019origine du syst\u00e8me nerveux et en d\u00e9duire sa morphologie.<\/li>\n<li style=\"text-align: justify;\">D\u00e9crire l\u2019enc\u00e9phale et la moelle \u00e9pini\u00e8re en termes de morphologie, d\u2019irrigation, d\u2019enveloppes et de fonction.<\/li>\n<li style=\"text-align: justify;\">D\u00e9crire le syst\u00e8me nerveux p\u00e9riph\u00e9rique.<\/li>\n<li style=\"text-align: justify;\">Comprendre l\u2019organisation et les fonctions des syst\u00e8mes nerveux autonomes.<\/li>\n<li style=\"text-align: justify;\">Comprendre et d\u00e9crire les principales voies aff\u00e9rentes et eff\u00e9rentes.<\/li>\n<li style=\"text-align: justify;\">D\u00e9crire succinctement les nerfs cr\u00e2niens et les voies sensorielles.<\/li>\n<\/ol>\n<h1>Introduction<\/h1>\n<p class=\"import-Corpsdetexte\" style=\"text-align: justify;\">Le syst\u00e8me nerveux (SN) permet une r\u00e9gulation rapide des activit\u00e9s de l\u2019homme et de ses communications avec le monde ext\u00e9rieur. Cette r\u00e9gulation est bas\u00e9e sur :<\/p>\n<ol>\n<li style=\"text-align: justify;\">la captation d\u2019informations externes (toucher, vision&#8230;) ou internes (pression art\u00e9rielle, composition des gaz sanguins\u2026) \u00e0 l\u2019organisme et leur transmission (potentiel d\u2019action de cellules connect\u00e9es) ;<\/li>\n<li style=\"text-align: justify;\">le traitement au niveau central de ces informations\u00a0;<\/li>\n<li style=\"text-align: justify;\">une r\u00e9ponse adapt\u00e9e et transmise en un temps court (mesur\u00e9 en milli-secondes).<\/li>\n<\/ol>\n<p class=\"import-Corpsdetexte\" style=\"text-align: justify;\">Ceci permet le maintien rapide, inconscient ou volontaire conscient, de l\u2019\u00e9quilibre dynamique du milieu interne (hom\u00e9ostasie) et une adaptation aux contingences externes. \u00c0 l\u2019oppos\u00e9, la part du contr\u00f4le hom\u00e9ostasique r\u00e9alis\u00e9 par le syst\u00e8me endocrinien est de nature plus lente et toujours involontaire (voir chapitre 11).<\/p>\n<p class=\"import-Corpsdetexte\" style=\"text-align: justify;\">La captation des informations se fait \u00e0 partir de r\u00e9cepteurs p\u00e9riph\u00e9riques qui constituent des <strong>aff\u00e9rences<\/strong>\u00a0(<em>ad<\/em>&#8211; vers en latin)\u00a0:<\/p>\n<ul>\n<li style=\"text-align: justify;\">sensibles (toucher, pression, tension musculaire ou tendineuse, tension des enveloppes des organes, temp\u00e9rature, douleur, composition chimique\u2026) ;<\/li>\n<li style=\"text-align: justify;\">sensorielles (odorat, vue, audition, go\u00fbt, ou\u00efe).<\/li>\n<\/ul>\n<p class=\"import-Corpsdetexte\" style=\"text-align: justify;\">Ces informations sont trait\u00e9es au niveau des centres nerveux d\u2019o\u00f9 partent des r\u00e9ponses \u00e0 caract\u00e8re moteur (muscles stri\u00e9s ou lisses) ou s\u00e9cr\u00e9toire qui constituent les <strong>eff\u00e9rences<\/strong> (<em>e(x)-<\/em>de, en latin) (figure 8-1).<\/p>\n<table>\n<tbody>\n<tr class=\"-R\">\n<td class=\"-C\" style=\"background-color: transparent;\" colspan=\"2\">\n<p class=\"import-Normal\" style=\"text-align: center;\"><img decoding=\"async\" class=\"aligncenter\" src=\"https:\/\/e-publish.uliege.be\/anatomie\/wp-content\/uploads\/sites\/14\/2023\/11\/image1.jpg\" alt=\"image\" \/><\/p>\n<\/td>\n<\/tr>\n<tr class=\"-R\">\n<td class=\"-C\" style=\"background-color: transparent; width: 16%;\">\n<p class=\"import-Normal\" style=\"text-align: justify;\"><span style=\"color: #996633;\">Figure 8-1<\/span><\/p>\n<\/td>\n<td class=\"-C\" style=\"background-color: transparent; width: 84%;\">\n<p class=\"import-Normal\" style=\"text-align: justify;\"><span style=\"color: #996633;\"><strong>Aff\u00e9rences \/ Eff\u00e9rences.<\/strong><\/span><\/p>\n<\/td>\n<\/tr>\n<tr class=\"-R\">\n<td class=\"-C\" style=\"background-color: transparent;\" colspan=\"2\">\n<p class=\"import-Normal\" style=\"text-align: justify;\"><span style=\"color: #996633;\">Les nerfs et le syst\u00e8me nerveux central sont repr\u00e9sent\u00e9s en jaune<strong>.<\/strong><\/span><\/p>\n<p class=\"import-Normal\" style=\"text-align: justify;\"><span style=\"color: #996633;\"><strong>A<\/strong>\u00a0: Aff\u00e9rences\u00a0: la fl\u00e8che bleue (exemple ici de sensibilit\u00e9 cutan\u00e9e) repr\u00e9sente le chemin global de l\u2019information.<\/span><\/p>\n<p class=\"import-Normal\" style=\"text-align: justify;\"><span style=\"color: #996633;\"><strong>B<\/strong>\u00a0: Eff\u00e9rences\u00a0: la fl\u00e8che rouge\u00a0 indique le chemin de la commande motrice volontaire (contraction du grand pectoral) et la fl\u00e8che verte celui des eff\u00e9rences autonomes\u00a0: commande des s\u00e9cr\u00e9tions\u00a0\/ motilit\u00e9 gastrique.<\/span><\/p>\n<\/td>\n<\/tr>\n<\/tbody>\n<\/table>\n<p class=\"import-Corpsdetexte\" style=\"text-align: justify;\">Gr\u00e2ce \u00e0 ces boucles de contr\u00f4le et des adaptations complexes, l\u2019individu peut volontairement se d\u00e9placer, ressentir son environnement, parler, en bref interagir volontairement (r\u00e9gulation somatique consciente et volontaire), tandis que son organisme adapte son fonctionnement de fa\u00e7on automatique et non consciente (r\u00e9gulation autonome), en fonction des contraintes externes ainsi que de l\u2019\u00e9volution de son milieu interne (contr\u00f4le de la temp\u00e9rature, du d\u00e9bit cardiaque, de la respiration, de la pression art\u00e9rielle, de la digestion\u2026).<\/p>\n<p class=\"import-Corpsdetexte\" style=\"text-align: justify;\">L\u2019anatomie du syst\u00e8me nerveux s\u2019aborde par deux voies compl\u00e9mentaires\u00a0:<\/p>\n<ul>\n<li style=\"text-align: justify;\">l\u2019approche topographique \u00e9tudie la structure de ce syst\u00e8me en fonction de sa localisation interne ou externe au syst\u00e8me cavitaire post\u00e9rieur (voir chapitre 4, figures 4-9,4-10 et 4-11)\u00a0;<\/li>\n<li style=\"text-align: justify;\">l\u2019approche fonctionnelle \u00e9tudie les voies aff\u00e9rentes et eff\u00e9rentes ainsi que les centres int\u00e9gratifs au travers des rep\u00e8res topographiques d\u00e9crits dans la premi\u00e8re approche.<\/li>\n<\/ul>\n<p class=\"import-Corpsdetexte\" style=\"text-align: justify;\">Le chapitre 8 est ainsi divis\u00e9 en cinq sections\u00a0:<\/p>\n<ol>\n<li style=\"text-align: justify;\">Les constituants cellulaires du syst\u00e8me nerveux (SN), aper\u00e7u de leurs propri\u00e9t\u00e9s et grandes divisions du SN (central SNC et p\u00e9riph\u00e9rique SNP).<\/li>\n<li style=\"text-align: justify;\">L\u2019origine du SN.<\/li>\n<li style=\"text-align: justify;\">Description du SNC.<\/li>\n<li style=\"text-align: justify;\">Description du SNP.<\/li>\n<li style=\"text-align: justify;\">Approche fonctionnelle du SN : voies motrices et sensitives, syst\u00e8me nerveux autonome (SNA).<\/li>\n<li style=\"text-align: justify;\">Les organes des sens.<\/li>\n<\/ol>\n","protected":false},"parent":0,"menu_order":8,"template":"","meta":{"pb_part_invisible":false,"pb_part_invisible_string":""},"contributor":[],"license":[],"class_list":["post-219","part","type-part","status-publish","hentry"],"_links":{"self":[{"href":"https:\/\/e-publish.uliege.be\/anatomie\/wp-json\/pressbooks\/v2\/parts\/219"}],"collection":[{"href":"https:\/\/e-publish.uliege.be\/anatomie\/wp-json\/pressbooks\/v2\/parts"}],"about":[{"href":"https:\/\/e-publish.uliege.be\/anatomie\/wp-json\/wp\/v2\/types\/part"}],"version-history":[{"count":19,"href":"https:\/\/e-publish.uliege.be\/anatomie\/wp-json\/pressbooks\/v2\/parts\/219\/revisions"}],"predecessor-version":[{"id":3360,"href":"https:\/\/e-publish.uliege.be\/anatomie\/wp-json\/pressbooks\/v2\/parts\/219\/revisions\/3360"}],"wp:attachment":[{"href":"https:\/\/e-publish.uliege.be\/anatomie\/wp-json\/wp\/v2\/media?parent=219"}],"wp:term":[{"taxonomy":"contributor","embeddable":true,"href":"https:\/\/e-publish.uliege.be\/anatomie\/wp-json\/wp\/v2\/contributor?post=219"},{"taxonomy":"license","embeddable":true,"href":"https:\/\/e-publish.uliege.be\/anatomie\/wp-json\/wp\/v2\/license?post=219"}],"curies":[{"name":"wp","href":"https:\/\/api.w.org\/{rel}","templated":true}]}}