{"id":23,"date":"2024-11-29T16:58:08","date_gmt":"2024-11-29T15:58:08","guid":{"rendered":"https:\/\/e-publish.uliege.be\/opening-up-our-heritage\/?post_type=back-matter&#038;p=23"},"modified":"2025-08-29T13:50:45","modified_gmt":"2025-08-29T11:50:45","slug":"book-contributors","status":"publish","type":"back-matter","link":"https:\/\/e-publish.uliege.be\/opening-up-our-heritage\/back-matter\/book-contributors\/","title":{"raw":"Book Contributors","rendered":"Book Contributors"},"content":{"raw":"","rendered":"<section class=\"contributors book-contributors\">\n\t\t\t<h2 class=\"contributor__type\">Author<\/h2>\n\t\t\t\t\t<div class=\"contributor\">\n\t<div class=\"contributor__name__and__links\">\n\t\t\t\t<div class=\"contributor__info__large\">\n\t\t\t<p class=\"contributor__name\">\n\t\t\t\t\t\t\t\t\t<span class=\"screen-reader-text\">name: <\/span>\n\t\t\t\t\t\t\t\tFran\u00e7ois Renaville, Renaud Adam and\u00a0C\u00e9cile\u00a0Oger\u00a0(Eds.)\n\t\t\t<\/p>\n\t\t\t\t\t\t\t\t\t\t\t<\/div>\n\t<\/div>\n\t<\/div>\n\t\t\t\t\t<h2 class=\"contributor__type\">Contributors<\/h2>\n\t\t\t\t\t<div class=\"contributor\">\n\t<div class=\"contributor__name__and__links\">\n\t\t\t\t<div class=\"contributor__info__large\">\n\t\t\t<p class=\"contributor__name\">\n\t\t\t\t\t\t\t\t\t<span class=\"screen-reader-text\">name: <\/span>\n\t\t\t\t\t\t\t\tRenaud Adam, Head of the Library Digitisation Unit\n\t\t\t<\/p>\n\t\t\t\t\t\t\t<p class=\"contributor__institution\">\n\t\t\t\t\t\t\t\t\t\t\t<span class=\"screen-reader-text\">institution: <\/span>\n\t\t\t\t\t\t\t\t\t\tUniversit\u00e9 de Li\u00e8ge (University of Li\u00e8ge)\n\t\t\t\t<\/p>\n\t\t\t\t\t\t\t\t\t\t<p class=\"contributor__website\">\n\t\t\t\t\t\t\t\t\t\t\t<span class=\"screen-reader-text\">website: <\/span>\n\t\t\t\t\t\t\t\t\t\t<a href=\"https:\/\/orcid.org\/0000-0001-7390-8480\" target=\"_blank\">https:\/\/orcid.org\/0000-0001-7390-8480<\/a>\n\t\t\t\t<\/p>\n\t\t\t\t\t\t\t\t<\/div>\n\t<\/div>\n\t\t\t<div class=\"contributor__bio\"><p>Historian of early modern books, Renaud Adam (b. 1977) is in charge of the ULi\u00e8ge Library&#8217;s digitisation unit. He is also a scientific collaborator in the Modern History Department. His work focuses mainly on the book ecosystem in the former Low Countries (15th-17th centuries), with particular attention to socioeconomic issues, cultural transfers and the reception of Italian culture. For several years now, Renaud has also been interested in questions of censorship and the ways in which it is expressed.<\/p>\n<\/div>\n\t<\/div>\n\t\t\t\t\t<div class=\"contributor\">\n\t<div class=\"contributor__name__and__links\">\n\t\t\t\t<div class=\"contributor__info__large\">\n\t\t\t<p class=\"contributor__name\">\n\t\t\t\t\t\t\t\t\t<span class=\"screen-reader-text\">name: <\/span>\n\t\t\t\t\t\t\t\tLaurent Aucher, Head of IT Department \u2013 Digital Library Project Manager\n\t\t\t<\/p>\n\t\t\t\t\t\t\t<p class=\"contributor__institution\">\n\t\t\t\t\t\t\t\t\t\t\t<span class=\"screen-reader-text\">institution: <\/span>\n\t\t\t\t\t\t\t\t\t\tUniversit\u00e9 Paris-Cit\u00e9 (Paris Cit\u00e9 University)\n\t\t\t\t<\/p>\n\t\t\t\t\t\t\t\t\t\t<p class=\"contributor__website\">\n\t\t\t\t\t\t\t\t\t\t\t<span class=\"screen-reader-text\">website: <\/span>\n\t\t\t\t\t\t\t\t\t\t<a href=\"https:\/\/orcid.org\/0009-0005-8679-6453\" target=\"_blank\">https:\/\/orcid.org\/0009-0005-8679-6453<\/a>\n\t\t\t\t<\/p>\n\t\t\t\t\t\t\t\t<\/div>\n\t<\/div>\n\t\t\t<div class=\"contributor__bio\"><p>During his long career in academic libraries, Laurent Aucher has worked on almost every aspect of librarianship: ILL, serials, electronic resource management, digitisation, team management, staff training and more. Since 1997, Laurent has managed numerous library systems and website projects worldwide. He is also involved in non-profit associations such as ACEF, a French-speaking group of Ex Libris users, and AUFO, a French-speaking group of Omeka users. In the past 10\u00a0years, he has developed a particular interest in the dissemination of digital collections.<\/p>\n<\/div>\n\t<\/div>\n\t\t\t\t\t<div class=\"contributor\">\n\t<div class=\"contributor__name__and__links\">\n\t\t\t\t<div class=\"contributor__info__large\">\n\t\t\t<p class=\"contributor__name\">\n\t\t\t\t\t\t\t\t\t<span class=\"screen-reader-text\">name: <\/span>\n\t\t\t\t\t\t\t\tEva Aus\u0113ja, Head of Digital Library of Latvia\n\t\t\t<\/p>\n\t\t\t\t\t\t\t<p class=\"contributor__institution\">\n\t\t\t\t\t\t\t\t\t\t\t<span class=\"screen-reader-text\">institution: <\/span>\n\t\t\t\t\t\t\t\t\t\tLatvijas Nacion\u0101l\u0101 bibliot\u0113ka (National Library of Latvia)\n\t\t\t\t<\/p>\n\t\t\t\t\t\t\t\t\t\t<p class=\"contributor__website\">\n\t\t\t\t\t\t\t\t\t\t\t<span class=\"screen-reader-text\">website: <\/span>\n\t\t\t\t\t\t\t\t\t\t<a href=\"https:\/\/orcid.org\/0009-0007-4360-6538\" target=\"_blank\">https:\/\/orcid.org\/0009-0007-4360-6538<\/a>\n\t\t\t\t<\/p>\n\t\t\t\t\t\t\t\t<\/div>\n\t<\/div>\n\t\t\t<div class=\"contributor__bio\"><p>Eva Aus<span class=\"ull_small-text\">\u0113<\/span>ja currently serves as the head of the Digital Library of Latvia at the National Library of Latvia (<em>Latvijas Nacion<span class=\"ull_small-text\">\u0101<\/span>l<span class=\"ull_small-text\">\u0101<\/span> bibliot<span class=\"ull_small-text\">\u0113<\/span>ka<\/em>). She specialises in the preservation and accessibility of digital cultural heritage, with a strong emphasis on integrating regional libraries into national digitisation initiatives. Eva has a Master in Library Science and Information Management from the University of Latvia. She has managed and developed numerous digital collections, including the Industrial Heritage project, in collaboration with national, regional, and private partners. Her professional achievements include advancing digital curation practices and fostering the growth and accessibility of the Digital Library of Latvia. Eva&#8217;s publication, <em>Overview of Digitisation in Regional Main Libraries<\/em> (2023), highlights her dedication to sharing knowledge and promoting collaboration in the library community.<\/p>\n<\/div>\n\t<\/div>\n\t\t\t\t\t<div class=\"contributor\">\n\t<div class=\"contributor__name__and__links\">\n\t\t\t\t<div class=\"contributor__info__large\">\n\t\t\t<p class=\"contributor__name\">\n\t\t\t\t\t\t\t\t\t<span class=\"screen-reader-text\">name: <\/span>\n\t\t\t\t\t\t\t\tJunior Browne, Law Librarian\n\t\t\t<\/p>\n\t\t\t\t\t\t\t<p class=\"contributor__institution\">\n\t\t\t\t\t\t\t\t\t\t\t<span class=\"screen-reader-text\">institution: <\/span>\n\t\t\t\t\t\t\t\t\t\tThe University of the West Indies\n\t\t\t\t<\/p>\n\t\t\t\t\t\t\t\t\t\t<p class=\"contributor__website\">\n\t\t\t\t\t\t\t\t\t\t\t<span class=\"screen-reader-text\">website: <\/span>\n\t\t\t\t\t\t\t\t\t\t<a href=\"https:\/\/orcid.org\/0000-0002-6673-2613\" target=\"_blank\">https:\/\/orcid.org\/0000-0002-6673-2613<\/a>\n\t\t\t\t<\/p>\n\t\t\t\t\t\t\t\t<\/div>\n\t<\/div>\n\t\t\t<div class=\"contributor__bio\"><p>Junior Browne is the law librarian at the University of the West Indies, Cave Hill Campus, where he currently manages both the Faculty of Law Library and the CLR James Cricket Research Centre. His work focuses on legal research access, Caribbean legal history, data privacy, and digital transformation in libraries. Junior is currently pursuing his postgraduate certification in Archival Studies, intending to strengthen regional approaches to heritage preservation and access. His research interests include the governance of data and information in the Caribbean, the legal and ethical implications of artificial intelligence, and the development of legal knowledge systems.<\/p>\n<\/div>\n\t<\/div>\n\t\t\t\t\t<div class=\"contributor\">\n\t<div class=\"contributor__name__and__links\">\n\t\t\t\t<div class=\"contributor__info__large\">\n\t\t\t<p class=\"contributor__name\">\n\t\t\t\t\t\t\t\t\t<span class=\"screen-reader-text\">name: <\/span>\n\t\t\t\t\t\t\t\tJoris Colla, Head of Collection Management of KADOC\n\t\t\t<\/p>\n\t\t\t\t\t\t\t<p class=\"contributor__institution\">\n\t\t\t\t\t\t\t\t\t\t\t<span class=\"screen-reader-text\">institution: <\/span>\n\t\t\t\t\t\t\t\t\t\tKU Leuven\n\t\t\t\t<\/p>\n\t\t\t\t\t\t\t\t\t\t<p class=\"contributor__website\">\n\t\t\t\t\t\t\t\t\t\t\t<span class=\"screen-reader-text\">website: <\/span>\n\t\t\t\t\t\t\t\t\t\t<a href=\"https:\/\/orcid.org\/0000-0003-3826-9593\" target=\"_blank\">https:\/\/orcid.org\/0000-0003-3826-9593<\/a>\n\t\t\t\t<\/p>\n\t\t\t\t\t\t\t\t<\/div>\n\t<\/div>\n\t\t\t<div class=\"contributor__bio\"><p>Joris Colla (b. 1983) studied History and International Relations at KU Leuven. Since 2009, he has been working at KADOC-KU Leuven. Until 2025, he was the data manager of ODIS and a heritage expert specialising in Catholic heritage, educational heritage, and intangible heritage. In 2025, Joris became head of KADOC&#8217;s Department of Collection Management. He is also the coordinator of the ODIS Renewal Project 2022\u20132027. His research focuses on the religious and cultural history of Belgium in the long 19th century.<\/p>\n<\/div>\n\t<\/div>\n\t\t\t\t\t<div class=\"contributor\">\n\t<div class=\"contributor__name__and__links\">\n\t\t\t\t<div class=\"contributor__info__large\">\n\t\t\t<p class=\"contributor__name\">\n\t\t\t\t\t\t\t\t\t<span class=\"screen-reader-text\">name: <\/span>\n\t\t\t\t\t\t\t\tNicolas Di M\u00e9o, Head of the Library Collections Department\n\t\t\t<\/p>\n\t\t\t\t\t\t\t<p class=\"contributor__institution\">\n\t\t\t\t\t\t\t\t\t\t\t<span class=\"screen-reader-text\">institution: <\/span>\n\t\t\t\t\t\t\t\t\t\tUniversit\u00e9 de Strasbourg (University of Strasbourg)\n\t\t\t\t<\/p>\n\t\t\t\t\t\t\t\t\t\t<p class=\"contributor__website\">\n\t\t\t\t\t\t\t\t\t\t\t<span class=\"screen-reader-text\">website: <\/span>\n\t\t\t\t\t\t\t\t\t\t<a href=\"https:\/\/orcid.org\/0009-0009-3232-760X\" target=\"_blank\">https:\/\/orcid.org\/0009-0009-3232-760X<\/a>\n\t\t\t\t<\/p>\n\t\t\t\t\t\t\t\t<\/div>\n\t<\/div>\n\t\t\t<div class=\"contributor__bio\"><p>Nicolas Di M\u00e9o (b. 1978) holds a PhD in French literature and has published and directed several academic books on 20th-century literature. He worked as a teacher, a lecturer and a researcher before joining the French Ministry of Higher Education and Research in 2012. Since 2014, Nicolas has been the head of the Collections Department at the Strasbourg University Libraries.<\/p>\n<\/div>\n\t<\/div>\n\t\t\t\t\t<div class=\"contributor\">\n\t<div class=\"contributor__name__and__links\">\n\t\t\t\t<div class=\"contributor__info__large\">\n\t\t\t<p class=\"contributor__name\">\n\t\t\t\t\t\t\t\t\t<span class=\"screen-reader-text\">name: <\/span>\n\t\t\t\t\t\t\t\tM\u0103lina Du\u021b\u0103, Special Collections Librarian\n\t\t\t<\/p>\n\t\t\t\t\t\t\t<p class=\"contributor__institution\">\n\t\t\t\t\t\t\t\t\t\t\t<span class=\"screen-reader-text\">institution: <\/span>\n\t\t\t\t\t\t\t\t\t\tUniversitatea de Vest din Timi\u0219oara (West University of Timi\u0219oara)\n\t\t\t\t<\/p>\n\t\t\t\t\t\t\t\t\t\t<p class=\"contributor__website\">\n\t\t\t\t\t\t\t\t\t\t\t<span class=\"screen-reader-text\">website: <\/span>\n\t\t\t\t\t\t\t\t\t\t<a href=\"https:\/\/orcid.org\/0009-0008-6306-0058\" target=\"_blank\">https:\/\/orcid.org\/0009-0008-6306-0058<\/a>\n\t\t\t\t<\/p>\n\t\t\t\t\t\t\t\t<\/div>\n\t<\/div>\n\t\t\t<div class=\"contributor__bio\"><p>M<span class=\"ull_small-text\">\u0103<\/span>lina Du<span class=\"ull_small-text\">\u021b\u0103<\/span> (b. 1985) is a special collections librarian at the Central University Library Eugen Todoran of Timi<span class=\"ull_small-text\">\u0219<\/span>oara, where she oversees an extensive oral history archive comprising approximately 500&nbsp;testimonies and interviews related to the history, culture, and sociology of the Banat region, Romania. Moreover, she manages the associated material, such as photographs and other primary source documents. Currently a PhD candidate at the West University of Timi<span class=\"ull_small-text\">\u0219<\/span>oara, M<span class=\"ull_small-text\">\u0103<\/span>lina&#8217;s research focuses on forced migration. Her academic interests encompass cultural anthropology, international cultural projects, and the study of marginal communities, with a particular emphasis on migration and diasporic experiences.<\/p>\n<\/div>\n\t<\/div>\n\t\t\t\t\t<div class=\"contributor\">\n\t<div class=\"contributor__name__and__links\">\n\t\t\t\t<div class=\"contributor__info__large\">\n\t\t\t<p class=\"contributor__name\">\n\t\t\t\t\t\t\t\t\t<span class=\"screen-reader-text\">name: <\/span>\n\t\t\t\t\t\t\t\tOlivier Ghuzel, Document and Software Engineer\n\t\t\t<\/p>\n\t\t\t\t\t\t\t<p class=\"contributor__institution\">\n\t\t\t\t\t\t\t\t\t\t\t<span class=\"screen-reader-text\">institution: <\/span>\n\t\t\t\t\t\t\t\t\t\tUniversit\u00e9 Paris-Cit\u00e9 (Paris Cit\u00e9 University)\n\t\t\t\t<\/p>\n\t\t\t\t\t\t\t\t\t\t<p class=\"contributor__website\">\n\t\t\t\t\t\t\t\t\t\t\t<span class=\"screen-reader-text\">website: <\/span>\n\t\t\t\t\t\t\t\t\t\t<a href=\"https:\/\/orcid.org\/0000-0002-0602-6223\" target=\"_blank\">https:\/\/orcid.org\/0000-0002-0602-6223<\/a>\n\t\t\t\t<\/p>\n\t\t\t\t\t\t\t\t<\/div>\n\t<\/div>\n\t\t\t<div class=\"contributor__bio\"><p>Olivier Ghuzel describes himself as &#8216;a bit literary and a bit software engineer&#8217;. He has raised digital library ecosystems for 12&nbsp;years.<\/p>\n<\/div>\n\t<\/div>\n\t\t\t\t\t<div class=\"contributor\">\n\t<div class=\"contributor__name__and__links\">\n\t\t\t\t<div class=\"contributor__info__large\">\n\t\t\t<p class=\"contributor__name\">\n\t\t\t\t\t\t\t\t\t<span class=\"screen-reader-text\">name: <\/span>\n\t\t\t\t\t\t\t\tDespoina Gkogkou, Librarian\n\t\t\t<\/p>\n\t\t\t\t\t\t\t<p class=\"contributor__institution\">\n\t\t\t\t\t\t\t\t\t\t\t<span class=\"screen-reader-text\">institution: <\/span>\n\t\t\t\t\t\t\t\t\t\t\u03a0\u03b1\u03bd\u03b5\u03c0\u03b9\u03c3\u03c4\u03ae\u03bc\u03b9\u03bf \u03a0\u03b1\u03c4\u03c1\u03ce\u03bd (University of Patras)\n\t\t\t\t<\/p>\n\t\t\t\t\t\t\t\t\t\t<p class=\"contributor__website\">\n\t\t\t\t\t\t\t\t\t\t\t<span class=\"screen-reader-text\">website: <\/span>\n\t\t\t\t\t\t\t\t\t\t<a href=\"https:\/\/orcid.org\/0000-0001-5120-8192\" target=\"_blank\">https:\/\/orcid.org\/0000-0001-5120-8192<\/a>\n\t\t\t\t<\/p>\n\t\t\t\t\t\t\t\t<\/div>\n\t<\/div>\n\t\t\t<div class=\"contributor__bio\"><p>Despoina Gkogkou (b. 1975) holds a PhD and a Master of Arts in Modern Greek Literature and a bachelor\u2019s degree in Library Science. She has worked as a librarian since 1997, first at the Academy of Athens Research Centre for Modern Greek Dialects and then at the Samos Public Library. She joined the Library and Information Centre of the University of Patras in 2008, where she is primarily responsible for the management and curation of the institutional repository, the digital collections, and the \u039c\u03b5\u03c4\u03acdata database. Despoina&#8217;s research interests include the Greek press, mass culture, the sociology of reading, and the reception of foreign literature in Greece.<\/p>\n<\/div>\n\t<\/div>\n\t\t\t\t\t<div class=\"contributor\">\n\t<div class=\"contributor__name__and__links\">\n\t\t\t\t<div class=\"contributor__info__large\">\n\t\t\t<p class=\"contributor__name\">\n\t\t\t\t\t\t\t\t\t<span class=\"screen-reader-text\">name: <\/span>\n\t\t\t\t\t\t\t\tChristian H\u00e4nger, Department Director\n\t\t\t<\/p>\n\t\t\t\t\t\t\t<p class=\"contributor__institution\">\n\t\t\t\t\t\t\t\t\t\t\t<span class=\"screen-reader-text\">institution: <\/span>\n\t\t\t\t\t\t\t\t\t\tBundesarchiv (German Federal Archives)\n\t\t\t\t<\/p>\n\t\t\t\t\t\t\t\t\t\t<p class=\"contributor__website\">\n\t\t\t\t\t\t\t\t\t\t\t<span class=\"screen-reader-text\">website: <\/span>\n\t\t\t\t\t\t\t\t\t\t<a href=\"https:\/\/orcid.org\/0000-0003-2874-1161\" target=\"_blank\">https:\/\/orcid.org\/0000-0003-2874-1161<\/a>\n\t\t\t\t<\/p>\n\t\t\t\t\t\t\t\t<\/div>\n\t<\/div>\n\t\t\t<div class=\"contributor__bio\"><p>Christian H\u00e4nger is a department director at the Federal Archives in Germany. He is responsible for the storage, preservation, and digitisation of all materials held at the Federal Archives, including paper records, books, photographs, and films. Over the past 5&nbsp;years, he has developed a comprehensive infrastructure for the digitisation of these materials and introduced digitisation on demand (DoD) in all of the institution&#8217;s reading rooms. In his previous career, Christian was responsible for library systems and the digitisation of cultural heritage at two university libraries.<\/p>\n<\/div>\n\t<\/div>\n\t\t\t\t\t<div class=\"contributor\">\n\t<div class=\"contributor__name__and__links\">\n\t\t\t\t<div class=\"contributor__info__large\">\n\t\t\t<p class=\"contributor__name\">\n\t\t\t\t\t\t\t\t\t<span class=\"screen-reader-text\">name: <\/span>\n\t\t\t\t\t\t\t\tSaga Jacksen, Information Specialist\n\t\t\t<\/p>\n\t\t\t\t\t\t\t<p class=\"contributor__institution\">\n\t\t\t\t\t\t\t\t\t\t\t<span class=\"screen-reader-text\">institution: <\/span>\n\t\t\t\t\t\t\t\t\t\tKansalliskirjasto (National Library of Finland)\n\t\t\t\t<\/p>\n\t\t\t\t\t\t\t\t\t\t<p class=\"contributor__website\">\n\t\t\t\t\t\t\t\t\t\t\t<span class=\"screen-reader-text\">website: <\/span>\n\t\t\t\t\t\t\t\t\t\t<a href=\"https:\/\/orcid.org\/0009-0004-5929-3060\" target=\"_blank\">https:\/\/orcid.org\/0009-0004-5929-3060<\/a>\n\t\t\t\t<\/p>\n\t\t\t\t\t\t\t\t<\/div>\n\t<\/div>\n\t\t\t<div class=\"contributor__bio\"><p>Saga Jacksen (b. 1996) holds a master&#8217;s degree from the University of Helsinki&#8217;s Cultural Heritage programme and is currently pursuing a PhD in the History and Cultural Heritage Doctoral Programme at the University of Helsinki. She works as an information specialist for Finna Services, managed by the National Library of Finland, with a focus on user experience research.<\/p>\n<\/div>\n\t<\/div>\n\t\t\t\t\t<div class=\"contributor\">\n\t<div class=\"contributor__name__and__links\">\n\t\t\t\t<div class=\"contributor__info__large\">\n\t\t\t<p class=\"contributor__name\">\n\t\t\t\t\t\t\t\t\t<span class=\"screen-reader-text\">name: <\/span>\n\t\t\t\t\t\t\t\tLaura Mor\u00e9, Special Collections Librarian\n\t\t\t<\/p>\n\t\t\t\t\t\t\t<p class=\"contributor__institution\">\n\t\t\t\t\t\t\t\t\t\t\t<span class=\"screen-reader-text\">institution: <\/span>\n\t\t\t\t\t\t\t\t\t\tUniversitat de Girona - Universidad de Gerona (University of Girona)\n\t\t\t\t<\/p>\n\t\t\t\t\t\t\t\t\t\t<p class=\"contributor__website\">\n\t\t\t\t\t\t\t\t\t\t\t<span class=\"screen-reader-text\">website: <\/span>\n\t\t\t\t\t\t\t\t\t\t<a href=\"https:\/\/orcid.org\/0000-0001-9289-7895\" target=\"_blank\">https:\/\/orcid.org\/0000-0001-9289-7895<\/a>\n\t\t\t\t<\/p>\n\t\t\t\t\t\t\t\t<\/div>\n\t<\/div>\n\t\t\t<div class=\"contributor__bio\"><p>Laura Mor\u00e9 (b. 1975) holds a degree in Librarianship and Documentation from the University of Barcelona and in Documentation from the Open University of Catalonia. She has specialised in bibliographic heritage, having earned both a postgraduate diploma and a master&#8217;s degree in Heritage Libraries and Collections from the University of Barcelona. Currently, she is pursuing a doctoral programme at the University of Barcelona; her research focuses on the incorporation of personal archives into Catalan university libraries. Since 2001, Laura has been working at the University of Girona Library, in the Technical Processing section. For more than a decade, she has also served as a special collections librarian.<\/p>\n<\/div>\n\t<\/div>\n\t\t\t\t\t<div class=\"contributor\">\n\t<div class=\"contributor__name__and__links\">\n\t\t\t\t<div class=\"contributor__info__large\">\n\t\t\t<p class=\"contributor__name\">\n\t\t\t\t\t\t\t\t\t<span class=\"screen-reader-text\">name: <\/span>\n\t\t\t\t\t\t\t\tC\u00e9cile Oger, Heritage Collections Curator\n\t\t\t<\/p>\n\t\t\t\t\t\t\t<p class=\"contributor__institution\">\n\t\t\t\t\t\t\t\t\t\t\t<span class=\"screen-reader-text\">institution: <\/span>\n\t\t\t\t\t\t\t\t\t\tUniversit\u00e9 de Li\u00e8ge (University of Li\u00e8ge)\n\t\t\t\t<\/p>\n\t\t\t\t\t\t\t\t\t\t<p class=\"contributor__website\">\n\t\t\t\t\t\t\t\t\t\t\t<span class=\"screen-reader-text\">website: <\/span>\n\t\t\t\t\t\t\t\t\t\t<a href=\"https:\/\/orcid.org\/0009-0005-7845-121X\" target=\"_blank\">https:\/\/orcid.org\/0009-0005-7845-121X<\/a>\n\t\t\t\t<\/p>\n\t\t\t\t\t\t\t\t<\/div>\n\t<\/div>\n\t\t\t<div class=\"contributor__bio\"><p>C\u00e9cile Oger (b. 1973) is an art historian specialising in the technological and archaeometric analyses of ancient paintings, and she is a curator of the collections of manuscripts and old and rare books at ULi\u00e8ge Library. Her research is devoted to the study of ancient painting techniques. C\u00e9cile works mainly on illuminated manuscripts and easel paintings from the Ancient Low Countries and the Principality of Li\u00e8ge from the 15th and 16th centuries.<\/p>\n<\/div>\n\t<\/div>\n\t\t\t\t\t<div class=\"contributor\">\n\t<div class=\"contributor__name__and__links\">\n\t\t\t\t<div class=\"contributor__info__large\">\n\t\t\t<p class=\"contributor__name\">\n\t\t\t\t\t\t\t\t\t<span class=\"screen-reader-text\">name: <\/span>\n\t\t\t\t\t\t\t\tRiitta Peltonen Lead UX Designer\n\t\t\t<\/p>\n\t\t\t\t\t\t\t<p class=\"contributor__institution\">\n\t\t\t\t\t\t\t\t\t\t\t<span class=\"screen-reader-text\">institution: <\/span>\n\t\t\t\t\t\t\t\t\t\tKansalliskirjasto (National Library of Finland)\n\t\t\t\t<\/p>\n\t\t\t\t\t\t\t\t\t\t<p class=\"contributor__website\">\n\t\t\t\t\t\t\t\t\t\t\t<span class=\"screen-reader-text\">website: <\/span>\n\t\t\t\t\t\t\t\t\t\t<a href=\"https:\/\/orcid.org\/0009-0000-3886-0709\" target=\"_blank\">https:\/\/orcid.org\/0009-0000-3886-0709<\/a>\n\t\t\t\t<\/p>\n\t\t\t\t\t\t\t\t<\/div>\n\t<\/div>\n\t\t\t<div class=\"contributor__bio\"><p>Riitta Peltonen has worked with the National Library of Finland since 2017, developing the UX of both the Finna services and the processes of the unit. She holds a master&#8217;s degree in science (2004) and service design (2018) and is currently pursuing a doctoral degree in applying human-centred design (HCD) in digital ecosystems, using Finna as her research ecosystem. Before joining the National Library, Riitta had a long career in the ICT industry as a UX specialist, including eight years at Nokia in architecture and system design and the nokia.com website and four years as a consultant. HCD was novel in Finland when Riitta completed her MSc, and she has seen its methods gain importance in the ICT industry throughout her career.<\/p>\n<\/div>\n\t<\/div>\n\t\t\t\t\t<div class=\"contributor\">\n\t<div class=\"contributor__name__and__links\">\n\t\t\t\t<div class=\"contributor__info__large\">\n\t\t\t<p class=\"contributor__name\">\n\t\t\t\t\t\t\t\t\t<span class=\"screen-reader-text\">name: <\/span>\n\t\t\t\t\t\t\t\tFrancesca Petricca, Training Manager\n\t\t\t<\/p>\n\t\t\t\t\t\t\t<p class=\"contributor__institution\">\n\t\t\t\t\t\t\t\t\t\t\t<span class=\"screen-reader-text\">institution: <\/span>\n\t\t\t\t\t\t\t\t\t\tProQuest\n\t\t\t\t<\/p>\n\t\t\t\t\t\t\t\t\t\t<p class=\"contributor__website\">\n\t\t\t\t\t\t\t\t\t\t\t<span class=\"screen-reader-text\">website: <\/span>\n\t\t\t\t\t\t\t\t\t\t<a href=\"https:\/\/orcid.org\/0009-0004-1052-7508\" target=\"_blank\">https:\/\/orcid.org\/0009-0004-1052-7508<\/a>\n\t\t\t\t<\/p>\n\t\t\t\t\t\t\t\t<\/div>\n\t<\/div>\n\t\t\t<div class=\"contributor__bio\"><p>Francesca Petricca (b. 1982) holds a PhD in Islamic Studies from Martin Luther University Halle-Wittenberg. During her fieldwork, she worked for two years in the archives of Dar al-Kutub al-Qawmiya in Cairo. After graduation, Francesca moved to the publishing sector, where she has since covered different roles. She joined ProQuest in 2018 and is involved in the promotion of historical collections.<\/p>\n<\/div>\n\t<\/div>\n\t\t\t\t\t<div class=\"contributor\">\n\t<div class=\"contributor__name__and__links\">\n\t\t\t\t<div class=\"contributor__info__large\">\n\t\t\t<p class=\"contributor__name\">\n\t\t\t\t\t\t\t\t\t<span class=\"screen-reader-text\">name: <\/span>\n\t\t\t\t\t\t\t\tAnnika Peurell, Team Leader for Media\n\t\t\t<\/p>\n\t\t\t\t\t\t\t<p class=\"contributor__institution\">\n\t\t\t\t\t\t\t\t\t\t\t<span class=\"screen-reader-text\">institution: <\/span>\n\t\t\t\t\t\t\t\t\t\tKTH Kungliga Tekniska h\u00f6gskolan (KTH Royal Institute of Technology)\n\t\t\t\t<\/p>\n\t\t\t\t\t\t\t\t\t\t<p class=\"contributor__website\">\n\t\t\t\t\t\t\t\t\t\t\t<span class=\"screen-reader-text\">website: <\/span>\n\t\t\t\t\t\t\t\t\t\t<a href=\"https:\/\/orcid.org\/0009-0002-3431-4107\" target=\"_blank\">https:\/\/orcid.org\/0009-0002-3431-4107<\/a>\n\t\t\t\t<\/p>\n\t\t\t\t\t\t\t\t<\/div>\n\t<\/div>\n\t\t\t<div class=\"contributor__bio\"><p>Annika Peurell (b. 1972) works as a team leader for Media at the Royal Institute of Technology (KTH) Library in Stockholm. Her focus area at KTH is collection development and publication infrastructure. Annika has a keen interest in the importance of and the challenges and opportunities in all aspects of cultural and research collections at archives, libraries, and museums. She has degrees in Library and Information Science, Art History and Ethnology from Uppsala University. Annika has been involved in several cultural heritage and research institutions in Sweden in leading roles. She has also headed projects in areas such as acquisition, preservation, metadata, research, digitisation, and digital accessibility.<\/p>\n<\/div>\n\t<\/div>\n\t\t\t\t\t<div class=\"contributor\">\n\t<div class=\"contributor__name__and__links\">\n\t\t\t\t<div class=\"contributor__info__large\">\n\t\t\t<p class=\"contributor__name\">\n\t\t\t\t\t\t\t\t\t<span class=\"screen-reader-text\">name: <\/span>\n\t\t\t\t\t\t\t\tFran\u00e7ois Renaville, Head of Library Systems\n\t\t\t<\/p>\n\t\t\t\t\t\t\t<p class=\"contributor__institution\">\n\t\t\t\t\t\t\t\t\t\t\t<span class=\"screen-reader-text\">institution: <\/span>\n\t\t\t\t\t\t\t\t\t\tUniversit\u00e9 de Li\u00e8ge (University of Li\u00e8ge)\n\t\t\t\t<\/p>\n\t\t\t\t\t\t\t\t\t\t<p class=\"contributor__website\">\n\t\t\t\t\t\t\t\t\t\t\t<span class=\"screen-reader-text\">website: <\/span>\n\t\t\t\t\t\t\t\t\t\t<a href=\"https:\/\/orcid.org\/0000-0003-1453-1040\" target=\"_blank\">https:\/\/orcid.org\/0000-0003-1453-1040<\/a>\n\t\t\t\t<\/p>\n\t\t\t\t\t\t\t\t<\/div>\n\t<\/div>\n\t\t\t<div class=\"contributor__bio\"><p>Fran\u00e7ois Renaville (b. 1976) studied linguistics, literature, and translation before beginning his career as a teacher. He later joined the University of Li\u00e8ge Library as a subject librarian, where he has been working on library systems since 2005. From 2010 to 2014, he served as a policy officer for the French-speaking Belgian library consortium BICfB, and from 2020\u20132021, he worked as a systems consultant for the European Parliament Library. Since 2022, Fran\u00e7ois has been coordinating the Systems &#38; Data unit at ULi\u00e8ge Library. His professional interests include discoverability, integrations, delivery, and user services.<\/p>\n<\/div>\n\t<\/div>\n\t\t\t\t\t<div class=\"contributor\">\n\t<div class=\"contributor__name__and__links\">\n\t\t\t\t<div class=\"contributor__info__large\">\n\t\t\t<p class=\"contributor__name\">\n\t\t\t\t\t\t\t\t\t<span class=\"screen-reader-text\">name: <\/span>\n\t\t\t\t\t\t\t\tLaurence Richelle, Metadata and Resource Management Coordinator\n\t\t\t<\/p>\n\t\t\t\t\t\t\t<p class=\"contributor__institution\">\n\t\t\t\t\t\t\t\t\t\t\t<span class=\"screen-reader-text\">institution: <\/span>\n\t\t\t\t\t\t\t\t\t\tUniversit\u00e9 de Li\u00e8ge (University of Li\u00e8ge)\n\t\t\t\t<\/p>\n\t\t\t\t\t\t\t\t\t\t<p class=\"contributor__website\">\n\t\t\t\t\t\t\t\t\t\t\t<span class=\"screen-reader-text\">website: <\/span>\n\t\t\t\t\t\t\t\t\t\t<a href=\"https:\/\/orcid.org\/0009-0003-2505-2181\" target=\"_blank\">https:\/\/orcid.org\/0009-0003-2505-2181<\/a>\n\t\t\t\t<\/p>\n\t\t\t\t\t\t\t\t<\/div>\n\t<\/div>\n\t\t\t<div class=\"contributor__bio\"><p>Laurence Richelle (b. 1972) has been a librarian since 1997. Trained in rare books cataloguing, she began her career at the Catholic University of Lille before joining the University of Li\u00e8ge Library in 2004 as a metadata specialist. Laurence later worked as a systems librarian and resource management coordinator. Since 2022, she has been a member of the Systems &#38; Data unit at ULi\u00e8ge Library.<\/p>\n<\/div>\n\t<\/div>\n\t\t\t\t\t<div class=\"contributor\">\n\t<div class=\"contributor__name__and__links\">\n\t\t\t\t<div class=\"contributor__info__large\">\n\t\t\t<p class=\"contributor__name\">\n\t\t\t\t\t\t\t\t\t<span class=\"screen-reader-text\">name: <\/span>\n\t\t\t\t\t\t\t\tGislene Rodrigues da Silva, Librarian\n\t\t\t<\/p>\n\t\t\t\t\t\t\t<p class=\"contributor__institution\">\n\t\t\t\t\t\t\t\t\t\t\t<span class=\"screen-reader-text\">institution: <\/span>\n\t\t\t\t\t\t\t\t\t\tUniversidad Carlos III de Madrid (University Carlos III of Madrid) \/ Universidade Federal de Minas Gerais (Federal University of Minas Gerais)\n\t\t\t\t<\/p>\n\t\t\t\t\t\t\t\t\t\t<p class=\"contributor__website\">\n\t\t\t\t\t\t\t\t\t\t\t<span class=\"screen-reader-text\">website: <\/span>\n\t\t\t\t\t\t\t\t\t\t<a href=\"https:\/\/orcid.org\/0000-0003-2824-953X\" target=\"_blank\">https:\/\/orcid.org\/0000-0003-2824-953X<\/a>\n\t\t\t\t<\/p>\n\t\t\t\t\t\t\t\t<\/div>\n\t<\/div>\n\t\t\t<div class=\"contributor__bio\"><p>Gislene Rodrigues da Silva (b. 1986) is a postdoctoral fellow at Universidad Carlos III de Madrid through the Marie Sk\u0142odowska-Curie YUFE4Postdocs programme. She also holds a postdoctoral position at the Federal University of Minas Gerais (UFMG), where she earned her PhD (2023) and Master in Knowledge Management. A qualified librarian with a background in information science, she is currently on leave from her role at UFMG&#8217;s Physics Department library. Gislene coordinates science outreach projects and is the deputy coordinator of the Eureka Podcast. She is a member of the Brazilian Research Group on Knowledge Representation and Information Retrieval (RECRI\/UFMG).<\/p>\n<\/div>\n\t<\/div>\n\t\t\t\t\t<div class=\"contributor\">\n\t<div class=\"contributor__name__and__links\">\n\t\t\t\t<div class=\"contributor__info__large\">\n\t\t\t<p class=\"contributor__name\">\n\t\t\t\t\t\t\t\t\t<span class=\"screen-reader-text\">name: <\/span>\n\t\t\t\t\t\t\t\tMarika Sarvilahti, Information Specialist\n\t\t\t<\/p>\n\t\t\t\t\t\t\t<p class=\"contributor__institution\">\n\t\t\t\t\t\t\t\t\t\t\t<span class=\"screen-reader-text\">institution: <\/span>\n\t\t\t\t\t\t\t\t\t\tAalto-yliopisto (Aalto University)\n\t\t\t\t<\/p>\n\t\t\t\t\t\t\t\t\t\t<p class=\"contributor__website\">\n\t\t\t\t\t\t\t\t\t\t\t<span class=\"screen-reader-text\">website: <\/span>\n\t\t\t\t\t\t\t\t\t\t<a href=\"https:\/\/orcid.org\/0009-0004-8222-1487\" target=\"_blank\">https:\/\/orcid.org\/0009-0004-8222-1487<\/a>\n\t\t\t\t<\/p>\n\t\t\t\t\t\t\t\t<\/div>\n\t<\/div>\n\t\t\t<div class=\"contributor__bio\"><p>Marika Sarvilahti MA (b. 1974) is an information specialist at Aalto University, Finland, where she oversees the digital preservation and collection management system and manages access to the University&#8217;s archival digital collections on the Finna search service. She also provides training and guidance on the use of visual resources for students and researchers. Her career in academic libraries and archives has had a special focus on art and design collections, digital preservation, visual resources, and digital cultural heritage as an information source. Marika specialises in metadata development, licensing issues, digital collection management, and information literacy in higher education. Her passion is in providing students and researchers with knowledge and skills to make the best use of digital cultural heritage in learning, research, and creative work.<\/p>\n<\/div>\n\t<\/div>\n\t\t\t\t\t<div class=\"contributor\">\n\t<div class=\"contributor__name__and__links\">\n\t\t\t\t<div class=\"contributor__info__large\">\n\t\t\t<p class=\"contributor__name\">\n\t\t\t\t\t\t\t\t\t<span class=\"screen-reader-text\">name: <\/span>\n\t\t\t\t\t\t\t\tTeresita Scalco, Head of Archivio Progetti\n\t\t\t<\/p>\n\t\t\t\t\t\t\t<p class=\"contributor__institution\">\n\t\t\t\t\t\t\t\t\t\t\t<span class=\"screen-reader-text\">institution: <\/span>\n\t\t\t\t\t\t\t\t\t\tUniversit\u00e0 Iuav di Venezia (Iuav University of Venice)\n\t\t\t\t<\/p>\n\t\t\t\t\t\t\t\t\t\t<p class=\"contributor__website\">\n\t\t\t\t\t\t\t\t\t\t\t<span class=\"screen-reader-text\">website: <\/span>\n\t\t\t\t\t\t\t\t\t\t<a href=\"https:\/\/orcid.org\/0009-0008-0280-2951\" target=\"_blank\">https:\/\/orcid.org\/0009-0008-0280-2951<\/a>\n\t\t\t\t<\/p>\n\t\t\t\t\t\t\t\t<\/div>\n\t<\/div>\n\t\t\t<div class=\"contributor__bio\"><p>Teresita Scalco (b. 1976) is the head of the Archivio Progetti at Universit\u00e0 Iuav di Venezia, where she has worked since 2002 in curatorial and project coordination roles. She holds a BA in Contemporary Art History (University of Padua, 2002), a European Master in Architectural History (University of Roma Tre, 2006) with specialisation at UNESCO&#8217;s World Heritage Centre in Paris, and a PhD in Science of Design (2013) focusing on curatorial practices in design culture. Her academic work began with a grant-supported thesis at the University of California, Santa Barbara, where she also worked as an assistant curator (1999\u20132000). Teresita has co-curated some editorial projects: <em>Istanbul. Ritratto di citt\u00e0<\/em> (with Moira Valeri, Letteraventidue, 2015), <em>Tobia Scarpa. L&#8217;Anima segreta delle cose<\/em> (Marsilio, 2015), <em>Images of the Modern: Construction Sites, Achievemens, Legacy<\/em> (with A. Marin, Do.co.mo.mo Journal 38\/2025). Her research explores the ethical and educational dimensions of curatorship at the intersection of design, photography, and women&#8217;s studies.<\/p>\n<\/div>\n\t<\/div>\n\t\t\t\t\t<div class=\"contributor\">\n\t<div class=\"contributor__name__and__links\">\n\t\t\t\t<div class=\"contributor__info__large\">\n\t\t\t<p class=\"contributor__name\">\n\t\t\t\t\t\t\t\t\t<span class=\"screen-reader-text\">name: <\/span>\n\t\t\t\t\t\t\t\tRouven Schabinger, Senior Data and System Specialist\n\t\t\t<\/p>\n\t\t\t\t\t\t\t<p class=\"contributor__institution\">\n\t\t\t\t\t\t\t\t\t\t\t<span class=\"screen-reader-text\">institution: <\/span>\n\t\t\t\t\t\t\t\t\t\tSwiss Library Service Platform (SLSP)\n\t\t\t\t<\/p>\n\t\t\t\t\t\t\t\t\t\t<p class=\"contributor__website\">\n\t\t\t\t\t\t\t\t\t\t\t<span class=\"screen-reader-text\">website: <\/span>\n\t\t\t\t\t\t\t\t\t\t<a href=\"https:\/\/orcid.org\/0000-0002-0249-7917\" target=\"_blank\">https:\/\/orcid.org\/0000-0002-0249-7917<\/a>\n\t\t\t\t<\/p>\n\t\t\t\t\t\t\t\t<\/div>\n\t<\/div>\n\t\t\t<div class=\"contributor__bio\"><p>Rouven Schabinger has been working as a Data &#38; System specialist at the Swiss Library Service Platform (SLSP) in Zurich since 2023. His main interests relate to data migration, collection management, and third-party integration. Rouven&#8217;s previous professional and academic positions include the topics repositories (re3data.org) and research data management at the Karlsruhe Institute of Technology, as well as bibliographic and information technological consulting at the W\u00fcrttemberg State Library in Stuttgart (Germany).<\/p>\n<\/div>\n\t<\/div>\n\t\t\t\t\t<div class=\"contributor\">\n\t<div class=\"contributor__name__and__links\">\n\t\t\t\t<div class=\"contributor__info__large\">\n\t\t\t<p class=\"contributor__name\">\n\t\t\t\t\t\t\t\t\t<span class=\"screen-reader-text\">name: <\/span>\n\t\t\t\t\t\t\t\tMimi Seyffert-Wirth, Director: Scholarly Communication and Marketing\n\t\t\t<\/p>\n\t\t\t\t\t\t\t<p class=\"contributor__institution\">\n\t\t\t\t\t\t\t\t\t\t\t<span class=\"screen-reader-text\">institution: <\/span>\n\t\t\t\t\t\t\t\t\t\tUniversiteit Stellenbosch (Stellenbosch University)\n\t\t\t\t<\/p>\n\t\t\t\t\t\t\t\t\t\t<p class=\"contributor__website\">\n\t\t\t\t\t\t\t\t\t\t\t<span class=\"screen-reader-text\">website: <\/span>\n\t\t\t\t\t\t\t\t\t\t<a href=\"https:\/\/orcid.org\/0009-0000-8116-3589\" target=\"_blank\">https:\/\/orcid.org\/0009-0000-8116-3589<\/a>\n\t\t\t\t<\/p>\n\t\t\t\t\t\t\t\t<\/div>\n\t<\/div>\n\t\t\t<div class=\"contributor__bio\"><p>Mimi Seyffert-Wirth is currently director of Scholarly Communication and Marketing at Stellenbosch University Library and Information Service, where she is responsible for the management of the institutional and digital heritage repositories, open access journal hosting, and the Marketing and Special Collections divisions. Mimi has experience in managing special collections and digital scholarship and plays a leadership role as a member of the Library&#8217;s senior management team.<\/p>\n<\/div>\n\t<\/div>\n\t\t\t\t\t<div class=\"contributor\">\n\t<div class=\"contributor__name__and__links\">\n\t\t\t\t<div class=\"contributor__info__large\">\n\t\t\t<p class=\"contributor__name\">\n\t\t\t\t\t\t\t\t\t<span class=\"screen-reader-text\">name: <\/span>\n\t\t\t\t\t\t\t\tSt\u00e9phanie Simon, Library Operations Director\n\t\t\t<\/p>\n\t\t\t\t\t\t\t<p class=\"contributor__institution\">\n\t\t\t\t\t\t\t\t\t\t\t<span class=\"screen-reader-text\">institution: <\/span>\n\t\t\t\t\t\t\t\t\t\tUniversit\u00e9 de Li\u00e8ge (University of Li\u00e8ge)\n\t\t\t\t<\/p>\n\t\t\t\t\t\t\t\t\t\t<p class=\"contributor__website\">\n\t\t\t\t\t\t\t\t\t\t\t<span class=\"screen-reader-text\">website: <\/span>\n\t\t\t\t\t\t\t\t\t\t<a href=\"https:\/\/orcid.org\/0000-0002-9591-9946\" target=\"_blank\">https:\/\/orcid.org\/0000-0002-9591-9946<\/a>\n\t\t\t\t<\/p>\n\t\t\t\t\t\t\t\t<\/div>\n\t<\/div>\n\t\t\t<div class=\"contributor__bio\"><p>St\u00e9phanie Simon (b. 1986) has been the operations director at ULi\u00e8ge Library since 2021. With a double Master in History (2009 and 2011), she joined ULi\u00e8ge Library in 2010. She was initially responsible for digitisation policy and projects, leading to the creation of a digitisation unit within the library and the launch of the DONum project. At the same time, she was first the subject librarian for the Information and Communication section and then in charge of acquisitions and the management of electronic resources for the library and the French-speaking Belgian consortium (BICfB).<\/p>\n<\/div>\n\t<\/div>\n\t\t\t\t\t<div class=\"contributor\">\n\t<div class=\"contributor__name__and__links\">\n\t\t\t\t<div class=\"contributor__info__large\">\n\t\t\t<p class=\"contributor__name\">\n\t\t\t\t\t\t\t\t\t<span class=\"screen-reader-text\">name: <\/span>\n\t\t\t\t\t\t\t\tNikol Stepan, Senior Data and System Specialist \/ Business Analyst\n\t\t\t<\/p>\n\t\t\t\t\t\t\t<p class=\"contributor__institution\">\n\t\t\t\t\t\t\t\t\t\t\t<span class=\"screen-reader-text\">institution: <\/span>\n\t\t\t\t\t\t\t\t\t\tSwiss Library Service Platform (SLSP)\n\t\t\t\t<\/p>\n\t\t\t\t\t\t\t\t\t\t<p class=\"contributor__website\">\n\t\t\t\t\t\t\t\t\t\t\t<span class=\"screen-reader-text\">website: <\/span>\n\t\t\t\t\t\t\t\t\t\t<a href=\"https:\/\/orcid.org\/0000-0003-2213-8644\" target=\"_blank\">https:\/\/orcid.org\/0000-0003-2213-8644<\/a>\n\t\t\t\t<\/p>\n\t\t\t\t\t\t\t\t<\/div>\n\t<\/div>\n\t\t\t<div class=\"contributor__bio\"><p>Since 2019, Nikol Stepan has been employed as a Data &#38; System specialist at the Swiss Library Service Platform (SLSP), with a primary focus on the &#8216;Discovery&#8217; domain. In 2023, she expanded her role to include business analyst responsibilities, and she is actively involved in contributing to and managing various projects. Before SLSP, she served as an information specialist at a cantonal library. In her previous profession, she worked as a teacher. Nikol&#8217;s academic background includes studies in requirements engineering, information science, and German studies from the University of Zurich.<\/p>\n<\/div>\n\t<\/div>\n\t\t\t\t\t<div class=\"contributor\">\n\t<div class=\"contributor__name__and__links\">\n\t\t\t\t<div class=\"contributor__info__large\">\n\t\t\t<p class=\"contributor__name\">\n\t\t\t\t\t\t\t\t\t<span class=\"screen-reader-text\">name: <\/span>\n\t\t\t\t\t\t\t\tSaskia van Bergen, Head Services & Collection Information\n\t\t\t<\/p>\n\t\t\t\t\t\t\t<p class=\"contributor__institution\">\n\t\t\t\t\t\t\t\t\t\t\t<span class=\"screen-reader-text\">institution: <\/span>\n\t\t\t\t\t\t\t\t\t\tUniversiteit Leiden (Leiden University)\n\t\t\t\t<\/p>\n\t\t\t\t\t\t\t\t\t\t<p class=\"contributor__website\">\n\t\t\t\t\t\t\t\t\t\t\t<span class=\"screen-reader-text\">website: <\/span>\n\t\t\t\t\t\t\t\t\t\t<a href=\"https:\/\/orcid.org\/0000-0003-4300-9817\" target=\"_blank\">https:\/\/orcid.org\/0000-0003-4300-9817<\/a>\n\t\t\t\t<\/p>\n\t\t\t\t\t\t\t\t<\/div>\n\t<\/div>\n\t\t\t<div class=\"contributor__bio\"><p>Saskia van Bergen is the head of Services and Collection Information at the Special Collections Department of Leiden University Libraries. In this role, she oversees a team of 14&nbsp;employees and manages all aspects of access to the library&#8217;s Special Collections, including cataloguing, digitisation, and research services. Her team handles the Special Collections Reading Room, digitisation projects, and teaching with special collections. Previously, Saskia served as a project manager in the library, where she led several initiatives, including the implementation of ArchivesSpace and Islandora. She also holds a PhD in Art History from Amsterdam University, focusing on medieval art and book history.<\/p>\n<\/div>\n\t<\/div>\n\t\t\t\t\t<div class=\"contributor\">\n\t<div class=\"contributor__name__and__links\">\n\t\t\t\t<div class=\"contributor__info__large\">\n\t\t\t<p class=\"contributor__name\">\n\t\t\t\t\t\t\t\t\t<span class=\"screen-reader-text\">name: <\/span>\n\t\t\t\t\t\t\t\tMaartje van den Heuvel, Curator of Photography\n\t\t\t<\/p>\n\t\t\t\t\t\t\t<p class=\"contributor__institution\">\n\t\t\t\t\t\t\t\t\t\t\t<span class=\"screen-reader-text\">institution: <\/span>\n\t\t\t\t\t\t\t\t\t\tUniversiteit Leiden (Leiden University)\n\t\t\t\t<\/p>\n\t\t\t\t\t\t\t\t\t\t<p class=\"contributor__website\">\n\t\t\t\t\t\t\t\t\t\t\t<span class=\"screen-reader-text\">website: <\/span>\n\t\t\t\t\t\t\t\t\t\t<a href=\"https:\/\/orcid.org\/0009-0002-4157-4660\" target=\"_blank\">https:\/\/orcid.org\/0009-0002-4157-4660<\/a>\n\t\t\t\t<\/p>\n\t\t\t\t\t\t\t\t<\/div>\n\t<\/div>\n\t\t\t<div class=\"contributor__bio\"><p>Maartje van den Heuvel (PhD) is an art historian specialising in photography. Since 2007, she has been the curator of photography and photographic technology at the Special Collections of Leiden University Libraries, which not only holds the oldest &#8216;photo-historical&#8217; collection of the Netherlands but also contains numerous scientific photography collections.<\/p>\n<\/div>\n\t<\/div>\n\t\t\t<\/section>\n","protected":false},"author":15,"menu_order":1,"template":"","meta":{"pb_show_title":"on","pb_short_title":"","pb_subtitle":"","pb_authors":[],"pb_section_license":"cc-by-nc-sa"},"back-matter-type":[34],"contributor":[],"license":[57],"class_list":["post-23","back-matter","type-back-matter","status-publish","hentry","back-matter-type-contributors","license-cc-by-nc-sa"],"_links":{"self":[{"href":"https:\/\/e-publish.uliege.be\/opening-up-our-heritage\/wp-json\/pressbooks\/v2\/back-matter\/23"}],"collection":[{"href":"https:\/\/e-publish.uliege.be\/opening-up-our-heritage\/wp-json\/pressbooks\/v2\/back-matter"}],"about":[{"href":"https:\/\/e-publish.uliege.be\/opening-up-our-heritage\/wp-json\/wp\/v2\/types\/back-matter"}],"author":[{"embeddable":true,"href":"https:\/\/e-publish.uliege.be\/opening-up-our-heritage\/wp-json\/wp\/v2\/users\/15"}],"version-history":[{"count":1,"href":"https:\/\/e-publish.uliege.be\/opening-up-our-heritage\/wp-json\/pressbooks\/v2\/back-matter\/23\/revisions"}],"predecessor-version":[{"id":24,"href":"https:\/\/e-publish.uliege.be\/opening-up-our-heritage\/wp-json\/pressbooks\/v2\/back-matter\/23\/revisions\/24"}],"metadata":[{"href":"https:\/\/e-publish.uliege.be\/opening-up-our-heritage\/wp-json\/pressbooks\/v2\/back-matter\/23\/metadata\/"}],"wp:attachment":[{"href":"https:\/\/e-publish.uliege.be\/opening-up-our-heritage\/wp-json\/wp\/v2\/media?parent=23"}],"wp:term":[{"taxonomy":"back-matter-type","embeddable":true,"href":"https:\/\/e-publish.uliege.be\/opening-up-our-heritage\/wp-json\/pressbooks\/v2\/back-matter-type?post=23"},{"taxonomy":"contributor","embeddable":true,"href":"https:\/\/e-publish.uliege.be\/opening-up-our-heritage\/wp-json\/wp\/v2\/contributor?post=23"},{"taxonomy":"license","embeddable":true,"href":"https:\/\/e-publish.uliege.be\/opening-up-our-heritage\/wp-json\/wp\/v2\/license?post=23"}],"curies":[{"name":"wp","href":"https:\/\/api.w.org\/{rel}","templated":true}]}}