{"id":42,"date":"2020-08-28T14:47:39","date_gmt":"2020-08-28T14:47:39","guid":{"rendered":"https:\/\/e-publish.uliege.be\/vfurnelle20\/?post_type=chapter&#038;p=42"},"modified":"2020-11-09T10:36:06","modified_gmt":"2020-11-09T10:36:06","slug":"1a-la-place-reconquise","status":"publish","type":"chapter","link":"https:\/\/e-publish.uliege.be\/vfurnelle20\/chapter\/1a-la-place-reconquise\/","title":{"raw":"1a. La place reconquise","rendered":"1a. La place reconquise"},"content":{"raw":"<p class=\"western\" lang=\"fr-BE\" align=\"justify\">Bien des places sont devenues de grands parkings, repoussant les pi\u00e9tons sur leurs rebords, r\u00e9duisant leur espace \u00e0 cet usage unique. La place, lieu d\u2019\u00e9changes et de rencontres, d\u2019\u00e9v\u00e9nements et de manifestations, a perdu tous ces r\u00f4les. De lieu, elle est devenue \u00ab\u00a0non-lieu\u00a0\u00bb, \u00e0 l\u2019exception des occasions o\u00f9 elle est lib\u00e9r\u00e9e pour un march\u00e9 hebdomadaire ou annuel. Les grands-places historiques, symboles de leur cit\u00e9, ont pu r\u00e9sister aux voitures. Les placettes, par contre, ont presque toutes \u00e9t\u00e9 colonis\u00e9es.<\/p>\r\n<p class=\"western\" lang=\"fr-BE\" align=\"justify\">Depuis quelques ann\u00e9es cependant, la tendance s\u2019inverse. Le tout \u00e0 la voiture perd du terrain. Signe des temps ?<\/p>\r\n<p class=\"western\" lang=\"fr-BE\" align=\"justify\">La petite place o\u00f9 je m\u2019attarde en est une figure. En plein centre-ville, derri\u00e8re l\u2019op\u00e9ra, bord\u00e9e d\u2019un cin\u00e9ma, d\u2019un centre culturel et d\u2019immeubles d\u2019habitation. Une brasserie, une librairie et un salon de coiffure occupent les rez-de-chauss\u00e9e. Le lieu suscite les va-et-vient, facilit\u00e9s par la disparition des voitures. Depuis peu, le centre de place, qui \u00e9tait encore r\u00e9cemment un parking, a retrouv\u00e9 sa vacuit\u00e9. Des pav\u00e9s, quelques grands tilleuls et deux bancs.<\/p>\r\n<p class=\"western\" lang=\"fr-BE\" align=\"justify\">Le lieu est \u00e0 la fois une enclave, entour\u00e9e de quelques grandes maisons, de quelques petits immeubles, et la crois\u00e9e de trois rues, d\u2019o\u00f9 surgissent les pi\u00e9tons, les cyclistes et les voitures. On y passe\u00a0; parfois on s\u2019y attarde.<\/p>\r\n<p class=\"western\" lang=\"fr-BE\" align=\"justify\">Assis dans \u00ab\u00a0le belv\u00e9d\u00e8re\u00a0\u00bb \u2013 la terrasse du caf\u00e9 \u2013, je contemple \u00ab\u00a0tous ces mouvements de ceux qui partent et ceux qui reviennent\u00a0\u00bb[footnote]BAUDELAIRE, Charles, \u00ab\u00a0Le Port\u00a0\u00bb, dans <i>Petits Po\u00e8mes en Prose,<\/i> \u0152uvres compl\u00e8tes, Gallimard, Biblioth\u00e8que de la Pl\u00e9iade, 1975, pp. 344-345.[\/footnote]. Deux ados africains, de retour de l\u2019\u00e9cole, s\u2019arr\u00eatent un instant sur un banc, y d\u00e9posent leur sac, entreprennent une conversation. Deux jeunes femmes, en grande discussion, se dirigent nonchalamment vers le cin\u00e9ma. Une vieille dame nourrit les pigeons qui plongent du haut des toits. Une coiffeuse se pr\u00e9cipite hors du salon pour embrasser une copine. Tout ce petit monde, \u00e0 la fois actif et paisible, donne vie \u00e0 la place. Une vie proche de l\u2019intemporel, d\u2019aujourd\u2019hui ou d\u2019hier, qui aurait pu \u00eatre photographi\u00e9e par Doisneau ou peinte par Brueghel, si ce n\u2019\u00e9tait le design des voitures, le look des vitrines et les tendances vestimentaires.<\/p>\r\n<p class=\"western\" lang=\"fr-BE\" align=\"justify\">\u00c0 sa fa\u00e7on, la place n\u2019a pas chang\u00e9. Ou plut\u00f4t, en \u00e9voluant, elle a retrouv\u00e9 ses racines. Le parvis, lib\u00e9r\u00e9 des voitures, ressuscite un rythme d\u2019autrefois, de toujours.<\/p>\r\n<p class=\"western\" lang=\"fr-BE\" align=\"justify\">Rendre aux pi\u00e9tons les emplacements d\u00e9volus aux voitures. Un geste simple mais d\u00e9cisif. Discutable. Il va falloir trouver d\u2019autres lieux de stationnement. G\u00e9n\u00e9rateur d\u2019un autre mode de vie. Hormis les voitures, qui se serait arr\u00eat\u00e9 sur un parking ? Sans elles, revoici la possibilit\u00e9 de fl\u00e2ner, au sortir de chez soi, du cin\u00e9ma ou de l\u2019\u00e9cole, sous les tilleuls, devant la librairie, \u00e0 la terrasse de la brasserie ou sur les bancs.<\/p>\r\n<p class=\"western\" lang=\"fr-BE\" align=\"justify\">En expulsant les v\u00e9hicules, la place a retrouv\u00e9 un autre temps, celui que l\u2019on prend, voire celui que l\u2019on perd\u2026 pour y gagner une autre qualit\u00e9 de vie. Sans nul doute, nous y rencontrerons encore des gens press\u00e9s, mais d\u2019autres \u2013 les m\u00eames, \u00e0 d\u2019autres moments \u2013 y vivront plus pos\u00e9ment. Est-ce vraiment une nouveaut\u00e9\u00a0? Peut-\u00eatre bien que oui. L\u2019avenir se nourrit parfois du pass\u00e9.<\/p>\r\n<p class=\"western\" lang=\"fr-BE\" align=\"justify\">L\u2019esprit de la placette est son temps. Celui des enfants qui jouent et des adolescents qui r\u00eavent, celui des jeunes femmes qui papotent, de la femme plus \u00e2g\u00e9e qui nourrit les pigeons et des indolents qui observent le monde \u00e0 la terrasse d\u2019un caf\u00e9.<\/p>\r\n<p class=\"western\" lang=\"fr-BE\" align=\"justify\">Cet esprit, les voitures l\u2019avaient chass\u00e9. Sans elles, le revoici. Il n\u2019avait fait que s\u2019endormir. Il a suffi de l\u2019\u00e9veiller.<\/p>","rendered":"<p class=\"western\" lang=\"fr-BE\" style=\"text-align: justify;\">Bien des places sont devenues de grands parkings, repoussant les pi\u00e9tons sur leurs rebords, r\u00e9duisant leur espace \u00e0 cet usage unique. La place, lieu d\u2019\u00e9changes et de rencontres, d\u2019\u00e9v\u00e9nements et de manifestations, a perdu tous ces r\u00f4les. De lieu, elle est devenue \u00ab\u00a0non-lieu\u00a0\u00bb, \u00e0 l\u2019exception des occasions o\u00f9 elle est lib\u00e9r\u00e9e pour un march\u00e9 hebdomadaire ou annuel. Les grands-places historiques, symboles de leur cit\u00e9, ont pu r\u00e9sister aux voitures. Les placettes, par contre, ont presque toutes \u00e9t\u00e9 colonis\u00e9es.<\/p>\n<p class=\"western\" lang=\"fr-BE\" style=\"text-align: justify;\">Depuis quelques ann\u00e9es cependant, la tendance s\u2019inverse. Le tout \u00e0 la voiture perd du terrain. Signe des temps ?<\/p>\n<p class=\"western\" lang=\"fr-BE\" style=\"text-align: justify;\">La petite place o\u00f9 je m\u2019attarde en est une figure. En plein centre-ville, derri\u00e8re l\u2019op\u00e9ra, bord\u00e9e d\u2019un cin\u00e9ma, d\u2019un centre culturel et d\u2019immeubles d\u2019habitation. Une brasserie, une librairie et un salon de coiffure occupent les rez-de-chauss\u00e9e. Le lieu suscite les va-et-vient, facilit\u00e9s par la disparition des voitures. Depuis peu, le centre de place, qui \u00e9tait encore r\u00e9cemment un parking, a retrouv\u00e9 sa vacuit\u00e9. Des pav\u00e9s, quelques grands tilleuls et deux bancs.<\/p>\n<p class=\"western\" lang=\"fr-BE\" style=\"text-align: justify;\">Le lieu est \u00e0 la fois une enclave, entour\u00e9e de quelques grandes maisons, de quelques petits immeubles, et la crois\u00e9e de trois rues, d\u2019o\u00f9 surgissent les pi\u00e9tons, les cyclistes et les voitures. On y passe\u00a0; parfois on s\u2019y attarde.<\/p>\n<p class=\"western\" lang=\"fr-BE\" style=\"text-align: justify;\">Assis dans \u00ab\u00a0le belv\u00e9d\u00e8re\u00a0\u00bb \u2013 la terrasse du caf\u00e9 \u2013, je contemple \u00ab\u00a0tous ces mouvements de ceux qui partent et ceux qui reviennent\u00a0\u00bb<a class=\"footnote\" title=\"BAUDELAIRE, Charles, \u00ab\u00a0Le Port\u00a0\u00bb, dans Petits Po\u00e8mes en Prose, \u0152uvres compl\u00e8tes, Gallimard, Biblioth\u00e8que de la Pl\u00e9iade, 1975, pp. 344-345.\" id=\"return-footnote-42-1\" href=\"#footnote-42-1\" aria-label=\"Footnote 1\"><sup class=\"footnote\">[1]<\/sup><\/a>. Deux ados africains, de retour de l\u2019\u00e9cole, s\u2019arr\u00eatent un instant sur un banc, y d\u00e9posent leur sac, entreprennent une conversation. Deux jeunes femmes, en grande discussion, se dirigent nonchalamment vers le cin\u00e9ma. Une vieille dame nourrit les pigeons qui plongent du haut des toits. Une coiffeuse se pr\u00e9cipite hors du salon pour embrasser une copine. Tout ce petit monde, \u00e0 la fois actif et paisible, donne vie \u00e0 la place. Une vie proche de l\u2019intemporel, d\u2019aujourd\u2019hui ou d\u2019hier, qui aurait pu \u00eatre photographi\u00e9e par Doisneau ou peinte par Brueghel, si ce n\u2019\u00e9tait le design des voitures, le look des vitrines et les tendances vestimentaires.<\/p>\n<p class=\"western\" lang=\"fr-BE\" style=\"text-align: justify;\">\u00c0 sa fa\u00e7on, la place n\u2019a pas chang\u00e9. Ou plut\u00f4t, en \u00e9voluant, elle a retrouv\u00e9 ses racines. Le parvis, lib\u00e9r\u00e9 des voitures, ressuscite un rythme d\u2019autrefois, de toujours.<\/p>\n<p class=\"western\" lang=\"fr-BE\" style=\"text-align: justify;\">Rendre aux pi\u00e9tons les emplacements d\u00e9volus aux voitures. Un geste simple mais d\u00e9cisif. Discutable. Il va falloir trouver d\u2019autres lieux de stationnement. G\u00e9n\u00e9rateur d\u2019un autre mode de vie. Hormis les voitures, qui se serait arr\u00eat\u00e9 sur un parking ? Sans elles, revoici la possibilit\u00e9 de fl\u00e2ner, au sortir de chez soi, du cin\u00e9ma ou de l\u2019\u00e9cole, sous les tilleuls, devant la librairie, \u00e0 la terrasse de la brasserie ou sur les bancs.<\/p>\n<p class=\"western\" lang=\"fr-BE\" style=\"text-align: justify;\">En expulsant les v\u00e9hicules, la place a retrouv\u00e9 un autre temps, celui que l\u2019on prend, voire celui que l\u2019on perd\u2026 pour y gagner une autre qualit\u00e9 de vie. Sans nul doute, nous y rencontrerons encore des gens press\u00e9s, mais d\u2019autres \u2013 les m\u00eames, \u00e0 d\u2019autres moments \u2013 y vivront plus pos\u00e9ment. Est-ce vraiment une nouveaut\u00e9\u00a0? Peut-\u00eatre bien que oui. L\u2019avenir se nourrit parfois du pass\u00e9.<\/p>\n<p class=\"western\" lang=\"fr-BE\" style=\"text-align: justify;\">L\u2019esprit de la placette est son temps. Celui des enfants qui jouent et des adolescents qui r\u00eavent, celui des jeunes femmes qui papotent, de la femme plus \u00e2g\u00e9e qui nourrit les pigeons et des indolents qui observent le monde \u00e0 la terrasse d\u2019un caf\u00e9.<\/p>\n<p class=\"western\" lang=\"fr-BE\" style=\"text-align: justify;\">Cet esprit, les voitures l\u2019avaient chass\u00e9. Sans elles, le revoici. Il n\u2019avait fait que s\u2019endormir. Il a suffi de l\u2019\u00e9veiller.<\/p>\n<hr class=\"before-footnotes clear\" \/><div class=\"footnotes\"><ol><li id=\"footnote-42-1\">BAUDELAIRE, Charles, \u00ab\u00a0Le Port\u00a0\u00bb, dans <i>Petits Po\u00e8mes en Prose,<\/i> \u0152uvres compl\u00e8tes, Gallimard, Biblioth\u00e8que de la Pl\u00e9iade, 1975, pp. 344-345. <a href=\"#return-footnote-42-1\" class=\"return-footnote\" aria-label=\"Return to footnote 1\">&crarr;<\/a><\/li><\/ol><\/div>","protected":false},"author":1,"menu_order":2,"template":"","meta":{"pb_show_title":"on","pb_short_title":"","pb_subtitle":"","pb_authors":[],"pb_section_license":""},"chapter-type":[],"contributor":[],"license":[],"class_list":["post-42","chapter","type-chapter","status-publish","hentry"],"part":3,"_links":{"self":[{"href":"https:\/\/e-publish.uliege.be\/vfurnelle20\/wp-json\/pressbooks\/v2\/chapters\/42"}],"collection":[{"href":"https:\/\/e-publish.uliege.be\/vfurnelle20\/wp-json\/pressbooks\/v2\/chapters"}],"about":[{"href":"https:\/\/e-publish.uliege.be\/vfurnelle20\/wp-json\/wp\/v2\/types\/chapter"}],"author":[{"embeddable":true,"href":"https:\/\/e-publish.uliege.be\/vfurnelle20\/wp-json\/wp\/v2\/users\/1"}],"version-history":[{"count":7,"href":"https:\/\/e-publish.uliege.be\/vfurnelle20\/wp-json\/pressbooks\/v2\/chapters\/42\/revisions"}],"predecessor-version":[{"id":298,"href":"https:\/\/e-publish.uliege.be\/vfurnelle20\/wp-json\/pressbooks\/v2\/chapters\/42\/revisions\/298"}],"part":[{"href":"https:\/\/e-publish.uliege.be\/vfurnelle20\/wp-json\/pressbooks\/v2\/parts\/3"}],"metadata":[{"href":"https:\/\/e-publish.uliege.be\/vfurnelle20\/wp-json\/pressbooks\/v2\/chapters\/42\/metadata\/"}],"wp:attachment":[{"href":"https:\/\/e-publish.uliege.be\/vfurnelle20\/wp-json\/wp\/v2\/media?parent=42"}],"wp:term":[{"taxonomy":"chapter-type","embeddable":true,"href":"https:\/\/e-publish.uliege.be\/vfurnelle20\/wp-json\/pressbooks\/v2\/chapter-type?post=42"},{"taxonomy":"contributor","embeddable":true,"href":"https:\/\/e-publish.uliege.be\/vfurnelle20\/wp-json\/wp\/v2\/contributor?post=42"},{"taxonomy":"license","embeddable":true,"href":"https:\/\/e-publish.uliege.be\/vfurnelle20\/wp-json\/wp\/v2\/license?post=42"}],"curies":[{"name":"wp","href":"https:\/\/api.w.org\/{rel}","templated":true}]}}